{"id":65,"date":"2020-02-14T14:39:17","date_gmt":"2020-02-14T14:39:17","guid":{"rendered":"http:\/\/www.ogrodnick.pl\/word\/?page_id=65"},"modified":"2024-06-18T12:47:28","modified_gmt":"2024-06-18T12:47:28","slug":"wysylka","status":"publish","type":"page","link":"https:\/\/www.ogrodnick.pl\/word\/wysylka\/","title":{"rendered":"Wysy\u0142ka"},"content":{"rendered":"\n<div class=\"wp-block-group\"><div class=\"wp-block-group__inner-container is-layout-flow wp-block-group-is-layout-flow\">\n<div class=\"wp-block-media-text alignwide has-media-on-the-right is-stacked-on-mobile\"><div class=\"wp-block-media-text__content\">\n<p><strong>Paczki z moimi ro\u015blinami wysy\u0142am kurierem &#8211; zale\u017cnie od ich wielko\u015bci i wymaga\u0144 zamawiaj\u0105cego mo\u017ce to by\u0107 DPD, FedEx lub Pocztex.<\/strong><\/p>\n<\/div><figure class=\"wp-block-media-text__media\"><img loading=\"lazy\" decoding=\"async\" width=\"500\" height=\"500\" src=\"https:\/\/www.ogrodnick.pl\/word\/wp-content\/uploads\/2020\/02\/pack1500.jpg\" alt=\"\" class=\"wp-image-66 size-full\" srcset=\"https:\/\/www.ogrodnick.pl\/word\/wp-content\/uploads\/2020\/02\/pack1500.jpg 500w, https:\/\/www.ogrodnick.pl\/word\/wp-content\/uploads\/2020\/02\/pack1500-300x300.jpg 300w, https:\/\/www.ogrodnick.pl\/word\/wp-content\/uploads\/2020\/02\/pack1500-150x150.jpg 150w\" sizes=\"auto, (max-width: 500px) 100vw, 500px\" \/><\/figure><\/div>\n<\/div><\/div>\n\n\n\n<div class=\"wp-block-media-text has-media-on-the-right is-stacked-on-mobile\"><div class=\"wp-block-media-text__content\">\n<p class=\"has-text-align-center\"><strong>Ro\u015bliny wysy\u0142am w doniczkach. Pakuj\u0119 je tak, \u017ceby przewo\u017anik nie m\u00f3g\u0142 zrobi\u0107 im krzywdy (15 lat do\u015bwiadcze\u0144), na pewno dotr\u0105 w idealnym stanie<\/strong><\/p>\n<\/div><figure class=\"wp-block-media-text__media\"><img loading=\"lazy\" decoding=\"async\" width=\"500\" height=\"500\" src=\"https:\/\/www.ogrodnick.pl\/word\/wp-content\/uploads\/2020\/02\/pack4500.jpg\" alt=\"\" class=\"wp-image-68 size-full\" srcset=\"https:\/\/www.ogrodnick.pl\/word\/wp-content\/uploads\/2020\/02\/pack4500.jpg 500w, https:\/\/www.ogrodnick.pl\/word\/wp-content\/uploads\/2020\/02\/pack4500-300x300.jpg 300w, https:\/\/www.ogrodnick.pl\/word\/wp-content\/uploads\/2020\/02\/pack4500-150x150.jpg 150w\" sizes=\"auto, (max-width: 500px) 100vw, 500px\" \/><\/figure><\/div>\n\n\n\n<div class=\"wp-block-media-text has-media-on-the-right is-stacked-on-mobile\"><div class=\"wp-block-media-text__content\">\n<p class=\"has-text-align-center\"><strong>Po otrzymaniu paczki nie musz\u0105 Pa\u0144stwo np. moczy\u0107 krzaczk\u00f3w w wodzie i p\u0119dzi\u0107 \u017ceby je posadzi\u0107. Wystarczy je oswobodzi\u0107 z kartonu i w jasnym miejscu mog\u0105 poczeka\u0107 na posadzenie (oczywi\u015bcie w miar\u0119 potrzeby podlewane).<\/strong><\/p>\n<\/div><figure class=\"wp-block-media-text__media\"><img loading=\"lazy\" decoding=\"async\" width=\"500\" height=\"500\" src=\"https:\/\/www.ogrodnick.pl\/word\/wp-content\/uploads\/2020\/02\/pack6500.jpg\" alt=\"\" class=\"wp-image-69 size-full\" srcset=\"https:\/\/www.ogrodnick.pl\/word\/wp-content\/uploads\/2020\/02\/pack6500.jpg 500w, https:\/\/www.ogrodnick.pl\/word\/wp-content\/uploads\/2020\/02\/pack6500-300x300.jpg 300w, https:\/\/www.ogrodnick.pl\/word\/wp-content\/uploads\/2020\/02\/pack6500-150x150.jpg 150w\" sizes=\"auto, (max-width: 500px) 100vw, 500px\" \/><\/figure><\/div>\n\n\n\n<p>Je\u015bli zamawiane ro\u015bliny zmieszcz\u0105 si\u0119 do paczki p\u00f3\u0142torametrowej to koszt wysy\u0142ki jest sta\u0142y, niezale\u017cnie od ich liczby &#8211; prosz\u0119 powiedzie\u0107 s\u0105siadom \ud83d\ude42  Przy wp\u0142acie na konto (<strong> 50 1020 5558 1111 1382 2510 0067<\/strong> ) jest to 18 z\u0142otych, w przypadku wysy\u0142ki z pobraniem do warto\u015bci ro\u015blin  dodam 23 PLN.  <\/p>\n\n\n\n<p>Warunki dostawy wi\u0119kszych ro\u015blin uzgodnimy indywidualnie.<\/p>\n\n\n\n<p>Zapraszam do zakup\u00f3w!<\/p>\n\n\n\n<figure class=\"wp-block-image size-large\"><img loading=\"lazy\" decoding=\"async\" width=\"1024\" height=\"768\" src=\"https:\/\/www.ogrodnick.pl\/word\/wp-content\/uploads\/2020\/03\/PB020104-1024x768.jpg\" alt=\"\" class=\"wp-image-162\" srcset=\"https:\/\/www.ogrodnick.pl\/word\/wp-content\/uploads\/2020\/03\/PB020104-1024x768.jpg 1024w, https:\/\/www.ogrodnick.pl\/word\/wp-content\/uploads\/2020\/03\/PB020104-300x225.jpg 300w, https:\/\/www.ogrodnick.pl\/word\/wp-content\/uploads\/2020\/03\/PB020104-768x576.jpg 768w, https:\/\/www.ogrodnick.pl\/word\/wp-content\/uploads\/2020\/03\/PB020104-1536x1152.jpg 1536w, https:\/\/www.ogrodnick.pl\/word\/wp-content\/uploads\/2020\/03\/PB020104-1200x900.jpg 1200w, https:\/\/www.ogrodnick.pl\/word\/wp-content\/uploads\/2020\/03\/PB020104-1980x1485.jpg 1980w, https:\/\/www.ogrodnick.pl\/word\/wp-content\/uploads\/2020\/03\/PB020104.jpg 2048w\" sizes=\"auto, (max-width: 1024px) 100vw, 1024px\" \/><figcaption class=\"wp-element-caption\">Odporne 'kaki&#8217; &#8211; hebanowiec wirginijski, po ameryka\u0144sku \u201e<em>persimmon<\/em>\u201d<\/figcaption><\/figure>\n","protected":false},"excerpt":{"rendered":"<p>Paczki z moimi ro\u015blinami wysy\u0142am kurierem &#8211; zale\u017cnie od ich wielko\u015bci i wymaga\u0144 zamawiaj\u0105cego mo\u017ce to by\u0107 DPD, FedEx lub Pocztex. Ro\u015bliny wysy\u0142am w doniczkach. Pakuj\u0119 je tak, \u017ceby przewo\u017anik nie m\u00f3g\u0142 zrobi\u0107 im krzywdy (15 lat do\u015bwiadcze\u0144), na pewno dotr\u0105 w idealnym stanie Po otrzymaniu paczki nie musz\u0105 Pa\u0144stwo np. moczy\u0107 krzaczk\u00f3w w wodzie [&hellip;]<\/p>\n","protected":false},"author":1,"featured_media":0,"parent":0,"menu_order":0,"comment_status":"closed","ping_status":"closed","template":"","meta":{"footnotes":""},"class_list":["post-65","page","type-page","status-publish","hentry"],"_links":{"self":[{"href":"https:\/\/www.ogrodnick.pl\/word\/wp-json\/wp\/v2\/pages\/65","targetHints":{"allow":["GET"]}}],"collection":[{"href":"https:\/\/www.ogrodnick.pl\/word\/wp-json\/wp\/v2\/pages"}],"about":[{"href":"https:\/\/www.ogrodnick.pl\/word\/wp-json\/wp\/v2\/types\/page"}],"author":[{"embeddable":true,"href":"https:\/\/www.ogrodnick.pl\/word\/wp-json\/wp\/v2\/users\/1"}],"replies":[{"embeddable":true,"href":"https:\/\/www.ogrodnick.pl\/word\/wp-json\/wp\/v2\/comments?post=65"}],"version-history":[{"count":15,"href":"https:\/\/www.ogrodnick.pl\/word\/wp-json\/wp\/v2\/pages\/65\/revisions"}],"predecessor-version":[{"id":1544,"href":"https:\/\/www.ogrodnick.pl\/word\/wp-json\/wp\/v2\/pages\/65\/revisions\/1544"}],"wp:attachment":[{"href":"https:\/\/www.ogrodnick.pl\/word\/wp-json\/wp\/v2\/media?parent=65"}],"curies":[{"name":"wp","href":"https:\/\/api.w.org\/{rel}","templated":true}]}}