{"id":531,"date":"2020-03-15T15:13:44","date_gmt":"2020-03-15T15:13:44","guid":{"rendered":"http:\/\/www.ogrodnick.pl\/word\/?page_id=531"},"modified":"2020-03-23T10:34:23","modified_gmt":"2020-03-23T10:34:23","slug":"stewarcja-wzrosla-stewartia-monadelpha","status":"publish","type":"page","link":"https:\/\/www.ogrodnick.pl\/word\/stewarcja-wzrosla-stewartia-monadelpha\/","title":{"rendered":"Stewarcja wzros\u0142a? (Stewartia monadelpha)"},"content":{"rendered":"\n<div class=\"wp-block-group alignfull\"><div class=\"wp-block-group__inner-container is-layout-flow wp-block-group-is-layout-flow\">\n<p>Stewarcja wzros\u0142a?<em>&nbsp;(Stewartia monadelpha)&nbsp;<\/em>ro\u015bnie tylko w pd-wsch. cz\u0119\u015bci Japonii, g\u0142\u00f3wnie w lasach bukowych. Jedyny las z\u0142o\u017cony niemal wy\u0142\u0105cznie z drzew tego gatunku ro\u015bnie opodal Jokochamy, jest rezerwatem przyrody.<\/p>\n<\/div><\/div>\n\n\n\n<div class=\"wp-block-columns alignfull is-layout-flex wp-container-core-columns-is-layout-9d6595d7 wp-block-columns-is-layout-flex\">\n<div class=\"wp-block-column is-layout-flow wp-block-column-is-layout-flow\">\n<p><strong>OPIS:<\/strong><br>&nbsp;&nbsp;&nbsp;Stewarcja wzros\u0142a (tylko tak\u0105 polsk\u0105 nazw\u0119 spotka\u0142em) ro\u015bnie bardzo wolno, ale wyrasta w najwi\u0119ksze ze wszystkich gatunk\u00f3w stewarcji drzewo &#8211; w ojczy\u017anie najwy\u017csze osi\u0105gaj\u0105 ponad 25 metr\u00f3w wysoko\u015bci. W Polsce b\u0119dzie raczej tylko wysokim krzewem lub ma\u0142ym, nisko rozga\u0142\u0119zionym drzewkiem ze sko\u015bnie wzniesionymi p\u0119dami (podobnie jak&nbsp;<em>S. pseudocamellia<\/em>).&nbsp;<br><em>S. monadelpha<\/em>&nbsp;ma li\u015bcie mniejsze ni\u017c inne gatunki stewarcji (do 8 cm d\u0142ugo\u015bci), dojrza\u0142e ciemnozielone i l\u015bni\u0105ce, m\u0142ode obustronnie ow\u0142osione. Pokryte w\u0142oskami s\u0105 r\u00f3wnie\u017c m\u0142ode p\u0119dy tej stewarcji &#8211; dobra cecha identyfikacyjna. Jesieni\u0105 li\u015bcie pi\u0119knie przebarwiaj\u0105 si\u0119 na pomara\u0144czowo i czerwono, po ich opadni\u0119ciu widoczna staje si\u0119 kora &#8211; na pniu i grubszych ga\u0142\u0119ziach l\u015bni\u0105ca, br\u0105zowa lub pomara\u0144czowobr\u0105zowa.&nbsp;<br>&nbsp;&nbsp;&nbsp;Kwitn\u0105\u0107 zaczyna w czerwcu, bardzo liczne kwiaty maj\u0105 2,5-3 cm \u015brednicy (powszechnie wiadomo, \u017ce ma\u0142e jest pi\u0119kne!).&nbsp;<br>&nbsp;&nbsp;&nbsp;Uroda i ma\u0142e jak na stewarcj\u0119 wymagania sprawi\u0142y, \u017ce stewarcja wzros\u0142a jest lubianym tworzywem dla tw\u00f3rc\u00f3w bonsai.<\/p>\n<\/div>\n\n\n\n<div class=\"wp-block-column is-layout-flow wp-block-column-is-layout-flow\">\n<div class=\"wp-block-image\"><figure class=\"aligncenter size-large\"><img loading=\"lazy\" decoding=\"async\" width=\"500\" height=\"491\" src=\"https:\/\/www.ogrodnick.pl\/word\/wp-content\/uploads\/2020\/03\/stewartia_monadelpha_kwiatki.jpg\" alt=\"\" class=\"wp-image-977\" srcset=\"https:\/\/www.ogrodnick.pl\/word\/wp-content\/uploads\/2020\/03\/stewartia_monadelpha_kwiatki.jpg 500w, https:\/\/www.ogrodnick.pl\/word\/wp-content\/uploads\/2020\/03\/stewartia_monadelpha_kwiatki-300x295.jpg 300w\" sizes=\"auto, (max-width: 500px) 100vw, 500px\" \/><\/figure><\/div>\n<\/div>\n<\/div>\n\n\n\n<div class=\"wp-block-columns alignfull is-layout-flex wp-container-core-columns-is-layout-9d6595d7 wp-block-columns-is-layout-flex\">\n<div class=\"wp-block-column is-layout-flow wp-block-column-is-layout-flow\">\n<p><strong>UPRAWA:<\/strong><br><em>Stewartia monadelpha<\/em>&nbsp;jest najbardziej ze wszystkich stewarcji odporna na niekorzystne warunki \u015brodowiska. Jak wszystkie, najlepiej ro\u015bnie w cieniu, ale akurat ta lepiej znosi suche powietrze i pe\u0142ne s\u0142o\u0144ce &#8211; byle gleba by\u0142a dostatecznie wilgotna, nie przy nagrzewaj\u0105cej si\u0119 latem \u015bcianie.&nbsp;<br>&nbsp;&nbsp;&nbsp;Uchodzi za mniej ni\u017c stewarcja kameliowata odporn\u0105 na mrozy &#8211; 6-metrowej rosn\u0105cej w arboretum w Rogowie podczas &#8222;zimy stulecia&#8221; 2005\/2006 przemarz\u0142y czubki jednorocznych ga\u0142\u0105zek.<\/p>\n<\/div>\n\n\n\n<div class=\"wp-block-column is-layout-flow wp-block-column-is-layout-flow\">\n<div class=\"wp-block-image\"><figure class=\"aligncenter size-large\"><img loading=\"lazy\" decoding=\"async\" width=\"500\" height=\"517\" src=\"https:\/\/www.ogrodnick.pl\/word\/wp-content\/uploads\/2020\/03\/stewartia_monadelpha_kwiatek.jpg\" alt=\"\" class=\"wp-image-976\" srcset=\"https:\/\/www.ogrodnick.pl\/word\/wp-content\/uploads\/2020\/03\/stewartia_monadelpha_kwiatek.jpg 500w, https:\/\/www.ogrodnick.pl\/word\/wp-content\/uploads\/2020\/03\/stewartia_monadelpha_kwiatek-290x300.jpg 290w\" sizes=\"auto, (max-width: 500px) 100vw, 500px\" \/><\/figure><\/div>\n<\/div>\n<\/div>\n\n\n\n<div class=\"wp-block-image\"><figure class=\"aligncenter size-large\"><img loading=\"lazy\" decoding=\"async\" width=\"500\" height=\"334\" src=\"https:\/\/www.ogrodnick.pl\/word\/wp-content\/uploads\/2020\/03\/stewartia_monadelpha_kora.jpg\" alt=\"\" class=\"wp-image-975\" srcset=\"https:\/\/www.ogrodnick.pl\/word\/wp-content\/uploads\/2020\/03\/stewartia_monadelpha_kora.jpg 500w, https:\/\/www.ogrodnick.pl\/word\/wp-content\/uploads\/2020\/03\/stewartia_monadelpha_kora-300x200.jpg 300w\" sizes=\"auto, (max-width: 500px) 100vw, 500px\" \/><\/figure><\/div>\n","protected":false},"excerpt":{"rendered":"<p>Stewarcja wzros\u0142a?&nbsp;(Stewartia monadelpha)&nbsp;ro\u015bnie tylko w pd-wsch. cz\u0119\u015bci Japonii, g\u0142\u00f3wnie w lasach bukowych. Jedyny las z\u0142o\u017cony niemal wy\u0142\u0105cznie z drzew tego gatunku ro\u015bnie opodal Jokochamy, jest rezerwatem przyrody. OPIS:&nbsp;&nbsp;&nbsp;Stewarcja wzros\u0142a (tylko tak\u0105 polsk\u0105 nazw\u0119 spotka\u0142em) ro\u015bnie bardzo wolno, ale wyrasta w najwi\u0119ksze ze wszystkich gatunk\u00f3w stewarcji drzewo &#8211; w ojczy\u017anie najwy\u017csze osi\u0105gaj\u0105 ponad 25 metr\u00f3w wysoko\u015bci. [&hellip;]<\/p>\n","protected":false},"author":1,"featured_media":0,"parent":0,"menu_order":0,"comment_status":"closed","ping_status":"closed","template":"","meta":{"footnotes":""},"class_list":["post-531","page","type-page","status-publish","hentry"],"_links":{"self":[{"href":"https:\/\/www.ogrodnick.pl\/word\/wp-json\/wp\/v2\/pages\/531","targetHints":{"allow":["GET"]}}],"collection":[{"href":"https:\/\/www.ogrodnick.pl\/word\/wp-json\/wp\/v2\/pages"}],"about":[{"href":"https:\/\/www.ogrodnick.pl\/word\/wp-json\/wp\/v2\/types\/page"}],"author":[{"embeddable":true,"href":"https:\/\/www.ogrodnick.pl\/word\/wp-json\/wp\/v2\/users\/1"}],"replies":[{"embeddable":true,"href":"https:\/\/www.ogrodnick.pl\/word\/wp-json\/wp\/v2\/comments?post=531"}],"version-history":[{"count":2,"href":"https:\/\/www.ogrodnick.pl\/word\/wp-json\/wp\/v2\/pages\/531\/revisions"}],"predecessor-version":[{"id":1100,"href":"https:\/\/www.ogrodnick.pl\/word\/wp-json\/wp\/v2\/pages\/531\/revisions\/1100"}],"wp:attachment":[{"href":"https:\/\/www.ogrodnick.pl\/word\/wp-json\/wp\/v2\/media?parent=531"}],"curies":[{"name":"wp","href":"https:\/\/api.w.org\/{rel}","templated":true}]}}