{"id":511,"date":"2020-03-15T14:31:17","date_gmt":"2020-03-15T14:31:17","guid":{"rendered":"http:\/\/www.ogrodnick.pl\/word\/?page_id=511"},"modified":"2020-03-19T12:39:24","modified_gmt":"2020-03-19T12:39:24","slug":"dab-dwubarwny-quercus-bicolor","status":"publish","type":"page","link":"https:\/\/www.ogrodnick.pl\/word\/dab-dwubarwny-quercus-bicolor\/","title":{"rendered":"D\u0105b dwubarwny (Quercus bicolor)"},"content":{"rendered":"\n<div class=\"wp-block-group alignfull\"><div class=\"wp-block-group__inner-container is-layout-flow wp-block-group-is-layout-flow\">\n<p>D\u0105b dwubarwny&nbsp;<em>(Quercus bicolor)&nbsp;<\/em>pochodzi z Ameryki P\u00f3\u0142nocnej. Ro\u015bnie w p\u00f3\u0142nocno-wschodniej cz\u0119\u015bci Stan\u00f3w Zjednoczonych i w Kanadzie.<\/p>\n<\/div><\/div>\n\n\n\n<div class=\"wp-block-columns alignfull is-layout-flex wp-container-core-columns-is-layout-9d6595d7 wp-block-columns-is-layout-flex\">\n<div class=\"wp-block-column is-layout-flow wp-block-column-is-layout-flow\">\n<p><strong>OPIS:<\/strong><br>&nbsp;&nbsp;&nbsp; D\u0105b dwubarwny to d\u0142ugowieczne, w m\u0142odo\u015bci szybko rosn\u0105ce drzewo osi\u0105gaj\u0105ce najcz\u0119\u015bciej nie wi\u0119cej ni\u017c 20 metr\u00f3w wysoko\u015bci. M\u0142ody ma koron\u0119 sto\u017ckowat\u0105, w starszym wieku kulist\u0105 osadzon\u0105 na kr\u00f3tkim pniu.&nbsp;<br>&nbsp;&nbsp;&nbsp;Li\u015bcie d\u0119bu dwubarwnego, p\u0142ytko klapowane lub tylko z pofa\u0142dowanymi brzegami maj\u0105 12-18 cm d\u0142ugo\u015bci. Latem s\u0105 z wierzchu zielone i l\u015bni\u0105ce a od spodu matowe u odmiany z p\u00f3\u0142nocy lub g\u0119sto ow\u0142osione, prawie bia\u0142e u przystosowanej do gor\u0105cego klimatu odmiany po\u0142udniowej (dlatego &#8222;dwubarwny&#8221;). Jesieni\u0105 d\u0119by dwubarwne najcz\u0119\u015bciej przebarwiaj\u0105 si\u0119 na z\u0142ocistobr\u0105zowo, czasem na pomara\u0144czowo i czerwono. W okresie bezlistnym zwracaj\u0105 uwag\u0119 ga\u0142\u0119zie z kor\u0105 z\u0142uszczaj\u0105c\u0105 si\u0119 cienkimi p\u0142atami, troch\u0119 podobny jest do klonu strz\u0119piastokorego.&nbsp;<br>&nbsp;&nbsp;&nbsp;Uroda d\u0119b\u00f3w dwubarwnych, szybki wzrost, odporno\u015b\u0107 na choroby i warunki miejskie oraz \u0142atwo\u015b\u0107 przesadzania sprawiaj\u0105, \u017ce d\u0119by dwubarwne s\u0105 w Ameryce cz\u0119sto sadzone w terenach zieleni. Na przyk\u0142ad w 2010 roku w Nowym Jorku posadzono 420 blisko dziesi\u0119ciometrowych d\u0119b\u00f3w dwubarwnych w parku-pomniku powsta\u0142ym na miejscu zburzonych w zamachu 11 wrze\u015bnia 2001 roku wie\u017cowc\u00f3w WTC (ni\u017cej zdj\u0119cia z ameryka\u0144skich gazet).&nbsp;<\/p>\n<\/div>\n\n\n\n<div class=\"wp-block-column is-layout-flow wp-block-column-is-layout-flow\">\n<div class=\"wp-block-image\"><figure class=\"aligncenter size-large\"><img loading=\"lazy\" decoding=\"async\" width=\"500\" height=\"666\" src=\"https:\/\/www.ogrodnick.pl\/word\/wp-content\/uploads\/2020\/03\/Quercus_bicolor_drzewo500.jpg\" alt=\"\" class=\"wp-image-916\" srcset=\"https:\/\/www.ogrodnick.pl\/word\/wp-content\/uploads\/2020\/03\/Quercus_bicolor_drzewo500.jpg 500w, https:\/\/www.ogrodnick.pl\/word\/wp-content\/uploads\/2020\/03\/Quercus_bicolor_drzewo500-225x300.jpg 225w\" sizes=\"auto, (max-width: 500px) 100vw, 500px\" \/><figcaption>\u00a9 Red Planet Inc. All Rights Reserved\nCredit: Bruce J. Marlin\nOriginal Author: Bruce J. Marlin\nContact: redplanetinc@comcast.net\nhttp:\/\/www.cirrusimage.com<\/figcaption><\/figure><\/div>\n<\/div>\n<\/div>\n\n\n\n<div class=\"wp-block-columns alignfull is-layout-flex wp-container-core-columns-is-layout-9d6595d7 wp-block-columns-is-layout-flex\">\n<div class=\"wp-block-column is-layout-flow wp-block-column-is-layout-flow\">\n<p><strong>UPRAWA:<\/strong>&nbsp;<br>D\u0119by dwubarwne s\u0105 zupe\u0142nie odporne na mrozy. Najszybciej rosn\u0105 na glebach \u017cyznych i wilgotnych ale s\u0105 r\u00f3wnie\u017c bardzo odporne na susz\u0119. Dobrze znosz\u0105 warunki miejskie (zapylenie i suche powietrze, zasolenie gleby).&nbsp;<br>D\u0119by dwubarwne znosz\u0105 ocienienie ale rosn\u0105ce na stanowiskach s\u0142onecznych maj\u0105 kszta\u0142tniejsze korony i \u0142adniej przebarwiaj\u0105 li\u015bcie jesieni\u0105.<\/p>\n<\/div>\n\n\n\n<div class=\"wp-block-column is-layout-flow wp-block-column-is-layout-flow\">\n<div class=\"wp-block-image\"><figure class=\"aligncenter size-large\"><img loading=\"lazy\" decoding=\"async\" width=\"500\" height=\"352\" src=\"https:\/\/www.ogrodnick.pl\/word\/wp-content\/uploads\/2020\/03\/Quercus_bicolor_owoce500.jpg\" alt=\"\" class=\"wp-image-919\" srcset=\"https:\/\/www.ogrodnick.pl\/word\/wp-content\/uploads\/2020\/03\/Quercus_bicolor_owoce500.jpg 500w, https:\/\/www.ogrodnick.pl\/word\/wp-content\/uploads\/2020\/03\/Quercus_bicolor_owoce500-300x211.jpg 300w\" sizes=\"auto, (max-width: 500px) 100vw, 500px\" \/><\/figure><\/div>\n<\/div>\n<\/div>\n\n\n\n<div class=\"wp-block-image\"><figure class=\"aligncenter size-large\"><img loading=\"lazy\" decoding=\"async\" width=\"500\" height=\"390\" src=\"https:\/\/www.ogrodnick.pl\/word\/wp-content\/uploads\/2020\/03\/Quercus_bicolor_kora500.jpg\" alt=\"\" class=\"wp-image-917\" srcset=\"https:\/\/www.ogrodnick.pl\/word\/wp-content\/uploads\/2020\/03\/Quercus_bicolor_kora500.jpg 500w, https:\/\/www.ogrodnick.pl\/word\/wp-content\/uploads\/2020\/03\/Quercus_bicolor_kora500-300x234.jpg 300w\" sizes=\"auto, (max-width: 500px) 100vw, 500px\" \/><\/figure><\/div>\n","protected":false},"excerpt":{"rendered":"<p>D\u0105b dwubarwny&nbsp;(Quercus bicolor)&nbsp;pochodzi z Ameryki P\u00f3\u0142nocnej. Ro\u015bnie w p\u00f3\u0142nocno-wschodniej cz\u0119\u015bci Stan\u00f3w Zjednoczonych i w Kanadzie. OPIS:&nbsp;&nbsp;&nbsp; D\u0105b dwubarwny to d\u0142ugowieczne, w m\u0142odo\u015bci szybko rosn\u0105ce drzewo osi\u0105gaj\u0105ce najcz\u0119\u015bciej nie wi\u0119cej ni\u017c 20 metr\u00f3w wysoko\u015bci. M\u0142ody ma koron\u0119 sto\u017ckowat\u0105, w starszym wieku kulist\u0105 osadzon\u0105 na kr\u00f3tkim pniu.&nbsp;&nbsp;&nbsp;&nbsp;Li\u015bcie d\u0119bu dwubarwnego, p\u0142ytko klapowane lub tylko z pofa\u0142dowanymi brzegami maj\u0105 [&hellip;]<\/p>\n","protected":false},"author":1,"featured_media":0,"parent":0,"menu_order":0,"comment_status":"closed","ping_status":"closed","template":"","meta":{"footnotes":""},"class_list":["post-511","page","type-page","status-publish","hentry"],"_links":{"self":[{"href":"https:\/\/www.ogrodnick.pl\/word\/wp-json\/wp\/v2\/pages\/511","targetHints":{"allow":["GET"]}}],"collection":[{"href":"https:\/\/www.ogrodnick.pl\/word\/wp-json\/wp\/v2\/pages"}],"about":[{"href":"https:\/\/www.ogrodnick.pl\/word\/wp-json\/wp\/v2\/types\/page"}],"author":[{"embeddable":true,"href":"https:\/\/www.ogrodnick.pl\/word\/wp-json\/wp\/v2\/users\/1"}],"replies":[{"embeddable":true,"href":"https:\/\/www.ogrodnick.pl\/word\/wp-json\/wp\/v2\/comments?post=511"}],"version-history":[{"count":3,"href":"https:\/\/www.ogrodnick.pl\/word\/wp-json\/wp\/v2\/pages\/511\/revisions"}],"predecessor-version":[{"id":1024,"href":"https:\/\/www.ogrodnick.pl\/word\/wp-json\/wp\/v2\/pages\/511\/revisions\/1024"}],"wp:attachment":[{"href":"https:\/\/www.ogrodnick.pl\/word\/wp-json\/wp\/v2\/media?parent=511"}],"curies":[{"name":"wp","href":"https:\/\/api.w.org\/{rel}","templated":true}]}}