{"id":501,"date":"2020-03-15T15:01:41","date_gmt":"2020-03-15T15:01:41","guid":{"rendered":"http:\/\/www.ogrodnick.pl\/word\/?page_id=501"},"modified":"2020-03-23T10:44:19","modified_gmt":"2020-03-23T10:44:19","slug":"sybirea-altajska-sibiraea-altaiensis","status":"publish","type":"page","link":"https:\/\/www.ogrodnick.pl\/word\/sybirea-altajska-sibiraea-altaiensis\/","title":{"rendered":"Sybirea a\u0142tajska (Sibiraea altaiensis)"},"content":{"rendered":"\n<div class=\"wp-block-group alignfull\"><div class=\"wp-block-group__inner-container is-layout-flow wp-block-group-is-layout-flow\">\n<p>Sybirea a\u0142tajska&nbsp;<em>(Sibiraea altaiensis)<\/em>&nbsp;to endemit wyst\u0119puj\u0105cy wy\u0142\u0105cznie w g\u00f3rach A\u0142taj w zachodniej Syberii. Na stanowiskach naturalnych pod \u015bcis\u0142\u0105 ochron\u0105.<\/p>\n<\/div><\/div>\n\n\n\n<div class=\"wp-block-columns alignfull is-layout-flex wp-container-core-columns-is-layout-9d6595d7 wp-block-columns-is-layout-flex\">\n<div class=\"wp-block-column is-layout-flow wp-block-column-is-layout-flow\">\n<p><strong>OPIS:<br><\/strong>&nbsp;&nbsp;&nbsp;Zupe\u0142nie u nas nieznana, sybirea a\u0142tajska jest g\u0119stym krzewem o zaokr\u0105glonym pokroju. Na stanowiskach s\u0142onecznych osi\u0105ga oko\u0142o metr wysoko\u015bci, ocieniona ma lu\u017aniejszy pokr\u00f3j i ro\u015bnie nieco wy\u017csza.&nbsp;<br>&nbsp;&nbsp;Sybirea jest godna posadzenia na honorowym miejscu ze wzgl\u0119du na pi\u0119kne ulistnienie. Niebieskawe g\u0142adkie li\u015bcie z metalicznym po\u0142yskiem s\u0105 u\u0142o\u017cone na ko\u0144cach p\u0119d\u00f3w w g\u0119ste rozetki &#8211; wspaniale wygl\u0105daj\u0105 zw\u0142aszcza po deszczu lub rano z l\u015bni\u0105cymi kropelkami rosy. Jesieni\u0105 przybieraj\u0105 barwy od \u017c\u00f3\u0142tej przez pomara\u0144czow\u0105 i czerwon\u0105, a\u017c po br\u0105z.&nbsp;<br>&nbsp;&nbsp;&nbsp;Kwitnie w czerwcu i lipcu. Drobne bia\u0142e kwiatki zebrane s\u0105 w d\u0142ugie rozga\u0142\u0119zione wiechy.&nbsp;<\/p>\n<\/div>\n\n\n\n<div class=\"wp-block-column is-layout-flow wp-block-column-is-layout-flow\">\n<div class=\"wp-block-image\"><figure class=\"aligncenter size-large\"><img loading=\"lazy\" decoding=\"async\" width=\"500\" height=\"779\" src=\"https:\/\/www.ogrodnick.pl\/word\/wp-content\/uploads\/2020\/03\/sibiraea_altaiensis_kwitnaca.jpg\" alt=\"\" class=\"wp-image-960\" srcset=\"https:\/\/www.ogrodnick.pl\/word\/wp-content\/uploads\/2020\/03\/sibiraea_altaiensis_kwitnaca.jpg 500w, https:\/\/www.ogrodnick.pl\/word\/wp-content\/uploads\/2020\/03\/sibiraea_altaiensis_kwitnaca-193x300.jpg 193w\" sizes=\"auto, (max-width: 500px) 100vw, 500px\" \/><\/figure><\/div>\n<\/div>\n<\/div>\n\n\n\n<div class=\"wp-block-columns alignfull is-layout-flex wp-container-core-columns-is-layout-9d6595d7 wp-block-columns-is-layout-flex\">\n<div class=\"wp-block-column is-layout-flow wp-block-column-is-layout-flow\">\n<p><strong>UPRAWA:<\/strong>&nbsp;<br>&nbsp;&nbsp;&nbsp; Sybirea jest odporna mrozy, zim\u0105 potrafi si\u0119 obroni\u0107 sama &#8211; li\u015bcie pozostaj\u0105 na krzewach do wiosny, poskr\u0119cane skutecznie chroni\u0105 ga\u0142\u0105zki przed s\u0142o\u0144cem i mro\u017anym, wysuszaj\u0105cym wiatrem.&nbsp;<br>&nbsp;&nbsp;&nbsp;Bardzo odporna na susz\u0119, nie lubi gleb podmok\u0142ych.&nbsp;<\/p>\n<\/div>\n\n\n\n<div class=\"wp-block-column is-layout-flow wp-block-column-is-layout-flow\">\n<div class=\"wp-block-image\"><figure class=\"aligncenter size-large\"><img loading=\"lazy\" decoding=\"async\" width=\"500\" height=\"500\" src=\"https:\/\/www.ogrodnick.pl\/word\/wp-content\/uploads\/2020\/03\/sibiraea_altaiensis_kwiatostan.jpg\" alt=\"\" class=\"wp-image-959\" srcset=\"https:\/\/www.ogrodnick.pl\/word\/wp-content\/uploads\/2020\/03\/sibiraea_altaiensis_kwiatostan.jpg 500w, https:\/\/www.ogrodnick.pl\/word\/wp-content\/uploads\/2020\/03\/sibiraea_altaiensis_kwiatostan-300x300.jpg 300w, https:\/\/www.ogrodnick.pl\/word\/wp-content\/uploads\/2020\/03\/sibiraea_altaiensis_kwiatostan-150x150.jpg 150w\" sizes=\"auto, (max-width: 500px) 100vw, 500px\" \/><\/figure><\/div>\n<\/div>\n<\/div>\n\n\n\n<div class=\"wp-block-image\"><figure class=\"aligncenter size-large\"><img loading=\"lazy\" decoding=\"async\" width=\"500\" height=\"369\" src=\"https:\/\/www.ogrodnick.pl\/word\/wp-content\/uploads\/2020\/03\/sibiraea_altaiensis_rozetka.jpg\" alt=\"\" class=\"wp-image-961\" srcset=\"https:\/\/www.ogrodnick.pl\/word\/wp-content\/uploads\/2020\/03\/sibiraea_altaiensis_rozetka.jpg 500w, https:\/\/www.ogrodnick.pl\/word\/wp-content\/uploads\/2020\/03\/sibiraea_altaiensis_rozetka-300x221.jpg 300w\" sizes=\"auto, (max-width: 500px) 100vw, 500px\" \/><\/figure><\/div>\n","protected":false},"excerpt":{"rendered":"<p>Sybirea a\u0142tajska&nbsp;(Sibiraea altaiensis)&nbsp;to endemit wyst\u0119puj\u0105cy wy\u0142\u0105cznie w g\u00f3rach A\u0142taj w zachodniej Syberii. Na stanowiskach naturalnych pod \u015bcis\u0142\u0105 ochron\u0105. OPIS:&nbsp;&nbsp;&nbsp;Zupe\u0142nie u nas nieznana, sybirea a\u0142tajska jest g\u0119stym krzewem o zaokr\u0105glonym pokroju. Na stanowiskach s\u0142onecznych osi\u0105ga oko\u0142o metr wysoko\u015bci, ocieniona ma lu\u017aniejszy pokr\u00f3j i ro\u015bnie nieco wy\u017csza.&nbsp;&nbsp;&nbsp;Sybirea jest godna posadzenia na honorowym miejscu ze wzgl\u0119du na pi\u0119kne [&hellip;]<\/p>\n","protected":false},"author":1,"featured_media":0,"parent":0,"menu_order":0,"comment_status":"closed","ping_status":"closed","template":"","meta":{"footnotes":""},"class_list":["post-501","page","type-page","status-publish","hentry"],"_links":{"self":[{"href":"https:\/\/www.ogrodnick.pl\/word\/wp-json\/wp\/v2\/pages\/501","targetHints":{"allow":["GET"]}}],"collection":[{"href":"https:\/\/www.ogrodnick.pl\/word\/wp-json\/wp\/v2\/pages"}],"about":[{"href":"https:\/\/www.ogrodnick.pl\/word\/wp-json\/wp\/v2\/types\/page"}],"author":[{"embeddable":true,"href":"https:\/\/www.ogrodnick.pl\/word\/wp-json\/wp\/v2\/users\/1"}],"replies":[{"embeddable":true,"href":"https:\/\/www.ogrodnick.pl\/word\/wp-json\/wp\/v2\/comments?post=501"}],"version-history":[{"count":2,"href":"https:\/\/www.ogrodnick.pl\/word\/wp-json\/wp\/v2\/pages\/501\/revisions"}],"predecessor-version":[{"id":1108,"href":"https:\/\/www.ogrodnick.pl\/word\/wp-json\/wp\/v2\/pages\/501\/revisions\/1108"}],"wp:attachment":[{"href":"https:\/\/www.ogrodnick.pl\/word\/wp-json\/wp\/v2\/media?parent=501"}],"curies":[{"name":"wp","href":"https:\/\/api.w.org\/{rel}","templated":true}]}}