{"id":490,"date":"2020-03-15T13:26:40","date_gmt":"2020-03-15T13:26:40","guid":{"rendered":"http:\/\/www.ogrodnick.pl\/word\/?page_id=490"},"modified":"2020-03-21T15:09:08","modified_gmt":"2020-03-21T15:09:08","slug":"parczelina-trojlistkowa-ptelea-trifoliata","status":"publish","type":"page","link":"https:\/\/www.ogrodnick.pl\/word\/parczelina-trojlistkowa-ptelea-trifoliata\/","title":{"rendered":"Parczelina tr\u00f3jlistkowa (Ptelea trifoliata)"},"content":{"rendered":"\n<div class=\"wp-block-group alignfull\"><div class=\"wp-block-group__inner-container is-layout-flow wp-block-group-is-layout-flow\">\n<p>Parczelina tr\u00f3jlistkowa&nbsp;<em>(Ptelea trifoliata)<\/em> ro\u015bnie we wschodniej po\u0142owie Kanady i USA.<\/p>\n<\/div><\/div>\n\n\n\n<div class=\"wp-block-columns alignfull is-layout-flex wp-container-core-columns-is-layout-9d6595d7 wp-block-columns-is-layout-flex\">\n<div class=\"wp-block-column is-layout-flow wp-block-column-is-layout-flow\">\n<p><strong>OPIS:<br><\/strong>&nbsp;&nbsp;&nbsp;W swojej ojczy\u017anie bywa wysokim krzewem lub drzewkiem do 7 metr\u00f3w wysoko\u015bci, w Polsce zwykle miewa nie wi\u0119cej ni\u017c 4 metry.&nbsp;<br>&nbsp;&nbsp;&nbsp;Parczelina, jak inne ro\u015bliny z rodziny rutowatych ( np. korkowiec amurski czy ewodia korea\u0144ska ) pachnie. Wszystkie cz\u0119\u015bci (kora, korzenie, roztarte li\u015bcie) wydzielaj\u0105 siln\u0105, bardzo przyjemn\u0105 i orze\u017awiaj\u0105c\u0105 wo\u0144 cytryny.&nbsp;<br>&nbsp;&nbsp;&nbsp;Wyj\u0105tkowo intensywnie, pi\u0119knie pachn\u0105 niepozorne ale bardzo liczne kwiatki. W czerwcowe wieczory miodowy zapach wype\u0142nia ca\u0142y ogr\u00f3d &#8211; nie ust\u0119puje pod tym wzgl\u0119dem oliwnikowi (mo\u017ce go przewy\u017csza?). Kwitn\u0105 ju\u017c malutkie krzewy.&nbsp;<br>&nbsp;&nbsp;&nbsp;Parczelina jest bardzo efektowna przez ca\u0142y rok. L\u015bni\u0105ce li\u015bcie nie s\u0105 uszkadzane przez choroby i szkodniki, jesieni\u0105 przybieraj\u0105 soczysty, \u017c\u00f3\u0142ty kolor. Bardzo liczne owoce przypominaj\u0105ce owoce wi\u0105zu (maj\u0105 2-2,5 cm \u015brednicy i 2 nasiona po\u015brodku) pozostaj\u0105 na krzewie do wiosny. Ga\u0142\u0105zki z owocami znakomicie wygl\u0105daj\u0105 w suchych bukietach.&nbsp;<br>&nbsp;&nbsp;&nbsp;Same owoce natomiast, bardzo gorzkie, by\u0142y kiedy\u015b w Stanach Zjednoczonych stosowane przy warzeniu piwa jako namiastka chmielu &#8211; st\u0105d angielska nazwa parczeliny&nbsp;<em>&#8222;Hoptree&#8221;<\/em>&nbsp;czyli chmielowe drzewo. Podobno s\u0105 r\u00f3wnie\u017c tacy, kt\u00f3rzy lubi\u0105 owoce parczeliny pogryza\u0107 na surowo.<\/p>\n<\/div>\n\n\n\n<div class=\"wp-block-column is-layout-flow wp-block-column-is-layout-flow\">\n<figure class=\"wp-block-image size-large\"><img loading=\"lazy\" decoding=\"async\" width=\"500\" height=\"383\" src=\"https:\/\/www.ogrodnick.pl\/word\/wp-content\/uploads\/2020\/03\/ptelea_trifoliata_paczki.jpg\" alt=\"\" class=\"wp-image-884\" srcset=\"https:\/\/www.ogrodnick.pl\/word\/wp-content\/uploads\/2020\/03\/ptelea_trifoliata_paczki.jpg 500w, https:\/\/www.ogrodnick.pl\/word\/wp-content\/uploads\/2020\/03\/ptelea_trifoliata_paczki-300x230.jpg 300w\" sizes=\"auto, (max-width: 500px) 100vw, 500px\" \/><\/figure>\n<\/div>\n<\/div>\n\n\n\n<div class=\"wp-block-columns alignfull is-layout-flex wp-container-core-columns-is-layout-9d6595d7 wp-block-columns-is-layout-flex\">\n<div class=\"wp-block-column is-layout-flow wp-block-column-is-layout-flow\">\n<p><strong>UPRAWA:<\/strong>&nbsp;<br>&nbsp;&nbsp;&nbsp;Mo\u017ce rosn\u0105\u0107 wsz\u0119dzie. Na glebach suchych i ubogich osi\u0105gnie najwy\u017cej 2 metry, w cieniu b\u0119dzie mia\u0142a lu\u017aniejsz\u0105 i mniej regularn\u0105 koron\u0119.<br>&nbsp;&nbsp;&nbsp;Ro\u015bnie powoli, nie lubi przesadzania.<\/p>\n<\/div>\n\n\n\n<div class=\"wp-block-column is-layout-flow wp-block-column-is-layout-flow\">\n<figure class=\"wp-block-image size-large\"><img loading=\"lazy\" decoding=\"async\" width=\"500\" height=\"403\" src=\"https:\/\/www.ogrodnick.pl\/word\/wp-content\/uploads\/2020\/03\/ptelea_trifoliata_owoce.jpg\" alt=\"\" class=\"wp-image-881\" srcset=\"https:\/\/www.ogrodnick.pl\/word\/wp-content\/uploads\/2020\/03\/ptelea_trifoliata_owoce.jpg 500w, https:\/\/www.ogrodnick.pl\/word\/wp-content\/uploads\/2020\/03\/ptelea_trifoliata_owoce-300x242.jpg 300w\" sizes=\"auto, (max-width: 500px) 100vw, 500px\" \/><\/figure>\n<\/div>\n<\/div>\n\n\n\n<figure class=\"wp-block-image size-large\"><img loading=\"lazy\" decoding=\"async\" width=\"500\" height=\"353\" src=\"https:\/\/www.ogrodnick.pl\/word\/wp-content\/uploads\/2020\/03\/ptelea_trifoliata_owoce_jesien.jpg\" alt=\"\" class=\"wp-image-882\" srcset=\"https:\/\/www.ogrodnick.pl\/word\/wp-content\/uploads\/2020\/03\/ptelea_trifoliata_owoce_jesien.jpg 500w, https:\/\/www.ogrodnick.pl\/word\/wp-content\/uploads\/2020\/03\/ptelea_trifoliata_owoce_jesien-300x212.jpg 300w\" sizes=\"auto, (max-width: 500px) 100vw, 500px\" \/><\/figure>\n","protected":false},"excerpt":{"rendered":"<p>Parczelina tr\u00f3jlistkowa&nbsp;(Ptelea trifoliata) ro\u015bnie we wschodniej po\u0142owie Kanady i USA. OPIS:&nbsp;&nbsp;&nbsp;W swojej ojczy\u017anie bywa wysokim krzewem lub drzewkiem do 7 metr\u00f3w wysoko\u015bci, w Polsce zwykle miewa nie wi\u0119cej ni\u017c 4 metry.&nbsp;&nbsp;&nbsp;&nbsp;Parczelina, jak inne ro\u015bliny z rodziny rutowatych ( np. korkowiec amurski czy ewodia korea\u0144ska ) pachnie. Wszystkie cz\u0119\u015bci (kora, korzenie, roztarte li\u015bcie) wydzielaj\u0105 siln\u0105, bardzo [&hellip;]<\/p>\n","protected":false},"author":1,"featured_media":0,"parent":0,"menu_order":0,"comment_status":"closed","ping_status":"closed","template":"","meta":{"footnotes":""},"class_list":["post-490","page","type-page","status-publish","hentry"],"_links":{"self":[{"href":"https:\/\/www.ogrodnick.pl\/word\/wp-json\/wp\/v2\/pages\/490","targetHints":{"allow":["GET"]}}],"collection":[{"href":"https:\/\/www.ogrodnick.pl\/word\/wp-json\/wp\/v2\/pages"}],"about":[{"href":"https:\/\/www.ogrodnick.pl\/word\/wp-json\/wp\/v2\/types\/page"}],"author":[{"embeddable":true,"href":"https:\/\/www.ogrodnick.pl\/word\/wp-json\/wp\/v2\/users\/1"}],"replies":[{"embeddable":true,"href":"https:\/\/www.ogrodnick.pl\/word\/wp-json\/wp\/v2\/comments?post=490"}],"version-history":[{"count":2,"href":"https:\/\/www.ogrodnick.pl\/word\/wp-json\/wp\/v2\/pages\/490\/revisions"}],"predecessor-version":[{"id":1084,"href":"https:\/\/www.ogrodnick.pl\/word\/wp-json\/wp\/v2\/pages\/490\/revisions\/1084"}],"wp:attachment":[{"href":"https:\/\/www.ogrodnick.pl\/word\/wp-json\/wp\/v2\/media?parent=490"}],"curies":[{"name":"wp","href":"https:\/\/api.w.org\/{rel}","templated":true}]}}