{"id":472,"date":"2020-03-14T15:27:42","date_gmt":"2020-03-14T15:27:42","guid":{"rendered":"http:\/\/www.ogrodnick.pl\/word\/?page_id=472"},"modified":"2020-03-21T15:18:18","modified_gmt":"2020-03-21T15:18:18","slug":"platan-klonolistny-platanus-x-acerifolia-albo-platanus-x-hybrida-albo-platanus-x-hispanica","status":"publish","type":"page","link":"https:\/\/www.ogrodnick.pl\/word\/platan-klonolistny-platanus-x-acerifolia-albo-platanus-x-hybrida-albo-platanus-x-hispanica\/","title":{"rendered":"Platan klonolistny (Platanus x acerifolia albo Platanus x hybrida albo Platanus x hispanica)"},"content":{"rendered":"\n<div class=\"wp-block-group alignfull\"><div class=\"wp-block-group__inner-container is-layout-flow wp-block-group-is-layout-flow\">\n<p>Platan klonolistny (<em>Platanus x acerifolia<\/em>&nbsp;albo&nbsp;<em>Platanus x hybrida<\/em>&nbsp;albo&nbsp;<em>Platanus x hispanica<\/em>)&nbsp;pochodzi z&#8230; Oxfordu. Tam zosta\u0142 znaleziony ok. roku 1663, jest krzy\u017c\u00f3wk\u0105 ameryka\u0144skiego platana zachodniego i azjatyckiego platana wschodniego.<\/p>\n<\/div><\/div>\n\n\n\n<div class=\"wp-block-columns alignfull is-layout-flex wp-container-core-columns-is-layout-9d6595d7 wp-block-columns-is-layout-flex\">\n<div class=\"wp-block-column is-layout-flow wp-block-column-is-layout-flow\">\n<p><strong>OPIS:<br><\/strong>&nbsp;&nbsp;&nbsp;Wszyscy o nim s\u0142yszeli.<br>&nbsp;&nbsp;&nbsp;Platan ro\u015bnie bardzo szybko, w m\u0142odo\u015bci ma regularn\u0105, sto\u017ckowat\u0105 koron\u0119 kt\u00f3ra w starszym wieku staje si\u0119 szeroka i sp\u0142aszczona. Po setkach lat platan mo\u017ce osi\u0105gn\u0105\u0107 30 metr\u00f3w wysoko\u015bci przy tej samej \u015brednicy korony! Tym co zwraca uwag\u0119 jest \u0142uszcz\u0105ca si\u0119 szerokimi p\u0142atami kora. Wiosn\u0105, kiedy drzewo zaczyna rosn\u0105\u0107 ca\u0142y pie\u0144 i grube ga\u0142\u0119zie s\u0105 w bia\u0142o-szaro-oliwkowe \u0142aty.&nbsp;<br>&nbsp;&nbsp;&nbsp;Li\u015bcie podobne do li\u015bci klonu zwyczajnego jesieni\u0105 przybieraj\u0105 barw\u0119 \u017c\u00f3\u0142tobr\u0105zow\u0105.&nbsp;<br>&nbsp;&nbsp;&nbsp;Przez ca\u0142\u0105 zim\u0119 platana zdobi\u0105 kuliste owocostany \u015brednicy do 3 cm zwisaj\u0105ce po 2-3 na d\u0142ugich szypu\u0142kach.&nbsp;<br>&nbsp;&nbsp;&nbsp;Platany doskonale znosz\u0105 ci\u0119cie &#8211; sadzone przy w\u0105skich ulicach bywaj\u0105 og\u0142awiane, mo\u017cna z nich tworzy\u0107 formowane \u017cywop\u0142oty.&nbsp;<\/p>\n<\/div>\n\n\n\n<div class=\"wp-block-column is-layout-flow wp-block-column-is-layout-flow\">\n<div class=\"wp-block-image\"><figure class=\"aligncenter size-large\"><img loading=\"lazy\" decoding=\"async\" width=\"488\" height=\"697\" src=\"https:\/\/www.ogrodnick.pl\/word\/wp-content\/uploads\/2020\/03\/platanus_acerifolia_mlody.jpg\" alt=\"\" class=\"wp-image-865\" srcset=\"https:\/\/www.ogrodnick.pl\/word\/wp-content\/uploads\/2020\/03\/platanus_acerifolia_mlody.jpg 488w, https:\/\/www.ogrodnick.pl\/word\/wp-content\/uploads\/2020\/03\/platanus_acerifolia_mlody-210x300.jpg 210w\" sizes=\"auto, (max-width: 488px) 100vw, 488px\" \/><\/figure><\/div>\n<\/div>\n<\/div>\n\n\n\n<div class=\"wp-block-columns alignfull is-layout-flex wp-container-core-columns-is-layout-9d6595d7 wp-block-columns-is-layout-flex\">\n<div class=\"wp-block-column is-layout-flow wp-block-column-is-layout-flow\">\n<p><strong>UPRAWA:<\/strong>&nbsp;<br>&nbsp;&nbsp;&nbsp;Drzewo wybitnie s\u0142o\u0144colubne, mo\u017ce rosn\u0105\u0107 na niemal ka\u017cdej glebie. Najlepiej, bardzo szybko ro\u015bnie na wilgotnych,\u017cyznych glebach gliniastych (wspaniale prezentuje si\u0119 nad wod\u0105), ale przyzwyczai si\u0119 nawet do suchych piask\u00f3w. Niewskazane s\u0105 jedynie gleby wapienne, wyra\u017anie zasadowe.&nbsp;<br>&nbsp;&nbsp;&nbsp;M\u0142ode, intensywnie rosn\u0105ce a\u017c do jesieni s\u0105 nieco wra\u017cliwe na niskie temperatury (w surowe zimy podmarzaj\u0105 najm\u0142odsze p\u0119dy), doros\u0142e zupe\u0142nie odporne.&nbsp;<br>&nbsp;&nbsp;&nbsp;Platany znakomicie znosz\u0105 warunki miejskie (zapylenie, suche powietrze), \u0142atwo znosz\u0105 przesadzanie nawet w starszym wieku.&nbsp;<\/p>\n<\/div>\n\n\n\n<div class=\"wp-block-column is-layout-flow wp-block-column-is-layout-flow\">\n<div class=\"wp-block-image\"><figure class=\"aligncenter size-large\"><img loading=\"lazy\" decoding=\"async\" width=\"500\" height=\"638\" src=\"https:\/\/www.ogrodnick.pl\/word\/wp-content\/uploads\/2020\/03\/platanus_acerifolia_kora_jesien.jpg\" alt=\"\" class=\"wp-image-863\" srcset=\"https:\/\/www.ogrodnick.pl\/word\/wp-content\/uploads\/2020\/03\/platanus_acerifolia_kora_jesien.jpg 500w, https:\/\/www.ogrodnick.pl\/word\/wp-content\/uploads\/2020\/03\/platanus_acerifolia_kora_jesien-235x300.jpg 235w\" sizes=\"auto, (max-width: 500px) 100vw, 500px\" \/><\/figure><\/div>\n<\/div>\n<\/div>\n\n\n\n<div class=\"wp-block-image\"><figure class=\"aligncenter size-large\"><img loading=\"lazy\" decoding=\"async\" width=\"500\" height=\"507\" src=\"https:\/\/www.ogrodnick.pl\/word\/wp-content\/uploads\/2020\/03\/platanus_acerifolia_park.jpg\" alt=\"\" class=\"wp-image-867\" srcset=\"https:\/\/www.ogrodnick.pl\/word\/wp-content\/uploads\/2020\/03\/platanus_acerifolia_park.jpg 500w, https:\/\/www.ogrodnick.pl\/word\/wp-content\/uploads\/2020\/03\/platanus_acerifolia_park-296x300.jpg 296w\" sizes=\"auto, (max-width: 500px) 100vw, 500px\" \/><\/figure><\/div>\n","protected":false},"excerpt":{"rendered":"<p>Platan klonolistny (Platanus x acerifolia&nbsp;albo&nbsp;Platanus x hybrida&nbsp;albo&nbsp;Platanus x hispanica)&nbsp;pochodzi z&#8230; Oxfordu. Tam zosta\u0142 znaleziony ok. roku 1663, jest krzy\u017c\u00f3wk\u0105 ameryka\u0144skiego platana zachodniego i azjatyckiego platana wschodniego. OPIS:&nbsp;&nbsp;&nbsp;Wszyscy o nim s\u0142yszeli.&nbsp;&nbsp;&nbsp;Platan ro\u015bnie bardzo szybko, w m\u0142odo\u015bci ma regularn\u0105, sto\u017ckowat\u0105 koron\u0119 kt\u00f3ra w starszym wieku staje si\u0119 szeroka i sp\u0142aszczona. Po setkach lat platan mo\u017ce osi\u0105gn\u0105\u0107 30 [&hellip;]<\/p>\n","protected":false},"author":1,"featured_media":0,"parent":0,"menu_order":0,"comment_status":"closed","ping_status":"closed","template":"","meta":{"footnotes":""},"class_list":["post-472","page","type-page","status-publish","hentry"],"_links":{"self":[{"href":"https:\/\/www.ogrodnick.pl\/word\/wp-json\/wp\/v2\/pages\/472","targetHints":{"allow":["GET"]}}],"collection":[{"href":"https:\/\/www.ogrodnick.pl\/word\/wp-json\/wp\/v2\/pages"}],"about":[{"href":"https:\/\/www.ogrodnick.pl\/word\/wp-json\/wp\/v2\/types\/page"}],"author":[{"embeddable":true,"href":"https:\/\/www.ogrodnick.pl\/word\/wp-json\/wp\/v2\/users\/1"}],"replies":[{"embeddable":true,"href":"https:\/\/www.ogrodnick.pl\/word\/wp-json\/wp\/v2\/comments?post=472"}],"version-history":[{"count":2,"href":"https:\/\/www.ogrodnick.pl\/word\/wp-json\/wp\/v2\/pages\/472\/revisions"}],"predecessor-version":[{"id":1090,"href":"https:\/\/www.ogrodnick.pl\/word\/wp-json\/wp\/v2\/pages\/472\/revisions\/1090"}],"wp:attachment":[{"href":"https:\/\/www.ogrodnick.pl\/word\/wp-json\/wp\/v2\/media?parent=472"}],"curies":[{"name":"wp","href":"https:\/\/api.w.org\/{rel}","templated":true}]}}