{"id":470,"date":"2020-03-14T15:33:39","date_gmt":"2020-03-14T15:33:39","guid":{"rendered":"http:\/\/www.ogrodnick.pl\/word\/?page_id=470"},"modified":"2020-03-21T15:20:24","modified_gmt":"2020-03-21T15:20:24","slug":"platykaria-szyszkowata-platycarya-strobilacea","status":"publish","type":"page","link":"https:\/\/www.ogrodnick.pl\/word\/platykaria-szyszkowata-platycarya-strobilacea\/","title":{"rendered":"Platykaria szyszkowata (Platycarya strobilacea)"},"content":{"rendered":"\n<div class=\"wp-block-group alignfull\"><div class=\"wp-block-group__inner-container is-layout-flow wp-block-group-is-layout-flow\">\n<p>Platykaria szyszkowata&nbsp;<em>(Platycarya strobilacea)<\/em>&nbsp;pochodzi z wschodniej Azji, wyst\u0119puje w Chinach i Korei.<\/p>\n<\/div><\/div>\n\n\n\n<div class=\"wp-block-columns alignfull is-layout-flex wp-container-core-columns-is-layout-9d6595d7 wp-block-columns-is-layout-flex\">\n<div class=\"wp-block-column is-layout-flow wp-block-column-is-layout-flow\">\n<p><strong>OPIS:<br><\/strong>&nbsp;&nbsp;&nbsp;W ojczy\u017anie bywa kilkunastometrowym drzewem o zaokr\u0105glonej koronie, w Europie bywa drzewkiem ledwie kilkumetrowym.&nbsp;<br>&nbsp;&nbsp;&nbsp;Oto co o platykarii napisano na stronie&nbsp;Ogrodu Botanicznego Uniwersytetu im. Adama Mickiewicza w Poznaniu:&nbsp;<em>&#8222;Na szczeg\u00f3ln\u0105 uwag\u0119 zas\u0142uguje jedyny w Polsce okaz platykarii szyszkowatej Platycarya strobilacea. Podziwiaj\u0105c jej szyszkowate owocostany trudno uzmys\u0142owi\u0107 sobie, \u017ce nale\u017cy ona do rodziny orzechowatych.&#8221;<\/em><br>&nbsp;&nbsp;&nbsp;Bardzo efektowne s\u0105 r\u00f3wnie\u017c kwiatostany &#8211; kilkunastocentymetrowe kotki m\u0119skie skupione po kilka na ko\u0144cach p\u0119d\u00f3w. Li\u015bcie platykarii mog\u0105 mie\u0107 ponad 30 cm d\u0142ugo\u015bci, sk\u0142adaj\u0105 si\u0119 zwykle z 7-11 listk\u00f3w.<\/p>\n<\/div>\n\n\n\n<div class=\"wp-block-column is-layout-flow wp-block-column-is-layout-flow\">\n<div class=\"wp-block-image\"><figure class=\"aligncenter size-large\"><img loading=\"lazy\" decoding=\"async\" width=\"500\" height=\"355\" src=\"https:\/\/www.ogrodnick.pl\/word\/wp-content\/uploads\/2020\/03\/platycarya_strobilacea_owoceM.jpg\" alt=\"\" class=\"wp-image-875\" srcset=\"https:\/\/www.ogrodnick.pl\/word\/wp-content\/uploads\/2020\/03\/platycarya_strobilacea_owoceM.jpg 500w, https:\/\/www.ogrodnick.pl\/word\/wp-content\/uploads\/2020\/03\/platycarya_strobilacea_owoceM-300x213.jpg 300w\" sizes=\"auto, (max-width: 500px) 100vw, 500px\" \/><\/figure><\/div>\n<\/div>\n<\/div>\n\n\n\n<div class=\"wp-block-columns alignfull is-layout-flex wp-container-core-columns-is-layout-9d6595d7 wp-block-columns-is-layout-flex\">\n<div class=\"wp-block-column is-layout-flow wp-block-column-is-layout-flow\">\n<p><strong>UPRAWA:<\/strong>&nbsp;<br>&nbsp;&nbsp;&nbsp;Wymagania ma podobne jak blisko spokrewnione skrzyd\u0142orzechy. \u0179le ro\u015bnie na glebach suchych i ubogich, wymaga s\u0142o\u0144ca.&nbsp;<br>&nbsp;&nbsp;&nbsp;Odporno\u015b\u0107 na mrozy ma te\u017c zbli\u017con\u0105 do skrzyd\u0142orzech\u00f3w &#8211; w surowe zimy mog\u0105 podmarza\u0107 p\u0119dy szybko rosn\u0105cych m\u0142odych ro\u015blin, starsze powinny by\u0107 odporne. W Poznaniu ro\u015bnie dobrze.<\/p>\n<\/div>\n\n\n\n<div class=\"wp-block-column is-layout-flow wp-block-column-is-layout-flow\">\n<div class=\"wp-block-image\"><figure class=\"aligncenter size-large\"><img loading=\"lazy\" decoding=\"async\" width=\"486\" height=\"408\" src=\"https:\/\/www.ogrodnick.pl\/word\/wp-content\/uploads\/2020\/03\/platycarya_strobilacea_kwiatki.jpg\" alt=\"\" class=\"wp-image-873\" srcset=\"https:\/\/www.ogrodnick.pl\/word\/wp-content\/uploads\/2020\/03\/platycarya_strobilacea_kwiatki.jpg 486w, https:\/\/www.ogrodnick.pl\/word\/wp-content\/uploads\/2020\/03\/platycarya_strobilacea_kwiatki-300x252.jpg 300w\" sizes=\"auto, (max-width: 486px) 100vw, 486px\" \/><\/figure><\/div>\n<\/div>\n<\/div>\n\n\n\n<div class=\"wp-block-image\"><figure class=\"aligncenter size-large\"><img loading=\"lazy\" decoding=\"async\" width=\"500\" height=\"443\" src=\"https:\/\/www.ogrodnick.pl\/word\/wp-content\/uploads\/2020\/03\/platycarya_strobilacea_owoc.jpg\" alt=\"\" class=\"wp-image-874\" srcset=\"https:\/\/www.ogrodnick.pl\/word\/wp-content\/uploads\/2020\/03\/platycarya_strobilacea_owoc.jpg 500w, https:\/\/www.ogrodnick.pl\/word\/wp-content\/uploads\/2020\/03\/platycarya_strobilacea_owoc-300x266.jpg 300w\" sizes=\"auto, (max-width: 500px) 100vw, 500px\" \/><\/figure><\/div>\n","protected":false},"excerpt":{"rendered":"<p>Platykaria szyszkowata&nbsp;(Platycarya strobilacea)&nbsp;pochodzi z wschodniej Azji, wyst\u0119puje w Chinach i Korei. OPIS:&nbsp;&nbsp;&nbsp;W ojczy\u017anie bywa kilkunastometrowym drzewem o zaokr\u0105glonej koronie, w Europie bywa drzewkiem ledwie kilkumetrowym.&nbsp;&nbsp;&nbsp;&nbsp;Oto co o platykarii napisano na stronie&nbsp;Ogrodu Botanicznego Uniwersytetu im. Adama Mickiewicza w Poznaniu:&nbsp;&#8222;Na szczeg\u00f3ln\u0105 uwag\u0119 zas\u0142uguje jedyny w Polsce okaz platykarii szyszkowatej Platycarya strobilacea. Podziwiaj\u0105c jej szyszkowate owocostany trudno uzmys\u0142owi\u0107 [&hellip;]<\/p>\n","protected":false},"author":1,"featured_media":0,"parent":0,"menu_order":0,"comment_status":"closed","ping_status":"closed","template":"","meta":{"footnotes":""},"class_list":["post-470","page","type-page","status-publish","hentry"],"_links":{"self":[{"href":"https:\/\/www.ogrodnick.pl\/word\/wp-json\/wp\/v2\/pages\/470","targetHints":{"allow":["GET"]}}],"collection":[{"href":"https:\/\/www.ogrodnick.pl\/word\/wp-json\/wp\/v2\/pages"}],"about":[{"href":"https:\/\/www.ogrodnick.pl\/word\/wp-json\/wp\/v2\/types\/page"}],"author":[{"embeddable":true,"href":"https:\/\/www.ogrodnick.pl\/word\/wp-json\/wp\/v2\/users\/1"}],"replies":[{"embeddable":true,"href":"https:\/\/www.ogrodnick.pl\/word\/wp-json\/wp\/v2\/comments?post=470"}],"version-history":[{"count":2,"href":"https:\/\/www.ogrodnick.pl\/word\/wp-json\/wp\/v2\/pages\/470\/revisions"}],"predecessor-version":[{"id":1092,"href":"https:\/\/www.ogrodnick.pl\/word\/wp-json\/wp\/v2\/pages\/470\/revisions\/1092"}],"wp:attachment":[{"href":"https:\/\/www.ogrodnick.pl\/word\/wp-json\/wp\/v2\/media?parent=470"}],"curies":[{"name":"wp","href":"https:\/\/api.w.org\/{rel}","templated":true}]}}