{"id":454,"date":"2020-03-14T12:10:22","date_gmt":"2020-03-14T12:10:22","guid":{"rendered":"http:\/\/www.ogrodnick.pl\/word\/?page_id=454"},"modified":"2023-02-04T17:06:22","modified_gmt":"2023-02-04T17:06:22","slug":"blotnia-lesna-nyssa-klaza-nyssa-sylvatica","status":"publish","type":"page","link":"https:\/\/www.ogrodnick.pl\/word\/blotnia-lesna-nyssa-klaza-nyssa-sylvatica\/","title":{"rendered":"B\u0142otnia le\u015bna (nyssa, kl\u0105\u017ca) (Nyssa sylvatica)"},"content":{"rendered":"\n<div class=\"wp-block-group alignfull\"><div class=\"wp-block-group__inner-container is-layout-flow wp-block-group-is-layout-flow\">\n<p>B\u0142otnia le\u015bna (nyssa, kl\u0105\u017ca)<em>\u00a0(Nyssa sylvatica)\u00a0<\/em>ro\u015bnie we wschodniej po\u0142owie Stan\u00f3w Zjednoczonych i w Ontario w Kanadzie.<\/p>\n<\/div><\/div>\n\n\n\n<div class=\"wp-block-columns alignfull is-layout-flex wp-container-core-columns-is-layout-9d6595d7 wp-block-columns-is-layout-flex\">\n<div class=\"wp-block-column is-layout-flow wp-block-column-is-layout-flow\">\n<p><strong>OPIS:<\/strong><br>\u00a0\u00a0\u00a0W ameryka\u0144skich lasach b\u0142otnie le\u015bne osi\u0105gaj\u0105 25 metr\u00f3w wysoko\u015bci. Uprawiane jako drzewa ozdobne, gdy nie musz\u0105 \u015bciga\u0107 si\u0119 do \u015bwiat\u0142a, nyssy miewaj\u0105 metr\u00f3w najwy\u017cej kilkana\u015bcie. M\u0142ode drzewa maj\u0105 regulrn\u0105 sto\u017ckowat\u0105 koron\u0119, prosty pie\u0144 i charakterystyczne poziomo rozpostarte ga\u0142\u0119zie. W starszym wieku korona staje si\u0119 zaokr\u0105glona, ga\u0142\u0119zie przewisaj\u0105.\u00a0<br>\u00a0\u00a0\u00a0Li\u015bcie b\u0142otni rozwijaj\u0105 si\u0119 wiosn\u0105 p\u00f3\u017ano, maj\u0105 7-15 cm d\u0142ugo\u015bci. Latem ciemnozielone i l\u015bni\u0105ce, jesieni\u0105 przepi\u0119knie (zdaniem wielu \u0142adniej ni\u017c parocje) przebarwiaj\u0105 si\u0119 na jaskrawe kolory: dominuj\u0105 r\u00f3\u017cne odcienie czerwonego, w miejscach ocienionych bywaj\u0105 pomara\u0144czowe i \u017c\u00f3\u0142te. Do niezwykle efektownej jesiennej szaty b\u0142otni nawi\u0105zuje jej \u0142aci\u0144ska nazwa &#8211;\u00a0<em>Nyssa sylvatica<\/em>\u00a0 znaczy\u00a0 <em>&#8222;rusa\u0142ka (nimfa) le\u015bna&#8221;<\/em>.\u00a0<br>\u00a0\u00a0\u00a0 W maju i czerwcu b\u0142otnie kwitn\u0105 &#8211; ma\u0142e i niepozorne kwiatki zebrane w g\u0142\u00f3wkowate kwiatostany nie maj\u0105 warto\u015bci zdobniczej, ale s\u0105 bardzo nektarodajne. Pozyskany z nich mi\u00f3d jest podobno wyj\u0105tkowo smaczny.<\/p>\n<\/div>\n\n\n\n<div class=\"wp-block-column is-layout-flow wp-block-column-is-layout-flow\"><div class=\"wp-block-image\">\n<figure class=\"aligncenter size-large\"><img loading=\"lazy\" decoding=\"async\" width=\"500\" height=\"670\" src=\"https:\/\/www.ogrodnick.pl\/word\/wp-content\/uploads\/2020\/03\/nyssa_sylvatica_srednia.jpg\" alt=\"\" class=\"wp-image-837\" srcset=\"https:\/\/www.ogrodnick.pl\/word\/wp-content\/uploads\/2020\/03\/nyssa_sylvatica_srednia.jpg 500w, https:\/\/www.ogrodnick.pl\/word\/wp-content\/uploads\/2020\/03\/nyssa_sylvatica_srednia-224x300.jpg 224w\" sizes=\"auto, (max-width: 500px) 100vw, 500px\" \/><\/figure>\n<\/div><\/div>\n<\/div>\n\n\n\n<div class=\"wp-block-columns alignfull is-layout-flex wp-container-core-columns-is-layout-9d6595d7 wp-block-columns-is-layout-flex\">\n<div class=\"wp-block-column is-layout-flow wp-block-column-is-layout-flow\">\n<p><strong>UPRAWA:<\/strong><br>&nbsp;&nbsp;&nbsp;B\u0142otnie &#8211;&nbsp;<em>nomen omen<\/em>&nbsp;-najbardziej lubi\u0105 gleby wilgotne a nawet mokre, doskonale czuj\u0105 si\u0119 nad wod\u0105. Nie powinno si\u0119 ich jednak sadzi\u0107 w zag\u0142\u0119bieniach terenu do kt\u00f3rych mo\u017ce sp\u0142ywa\u0107 woda z topniej\u0105cego \u015bniegu lub po opadach deszczu. D\u0142u\u017csze zalanie korzeni tak\u0105 stoj\u0105c\u0105 wod\u0105 mo\u017ce si\u0119 sko\u0144czy\u0107 dla pi\u0119knego drzewka \u017ale&#8230;&nbsp;<br>&nbsp;&nbsp;&nbsp;Mo\u017cna sadzi\u0107 b\u0142otnie r\u00f3wnie\u017c na glebach suchych, jednak w takich warunkach b\u0119d\u0105 rosn\u0105\u0107 bardzo powoli i pozostan\u0105 drzewkami kilkumetrowymi.<br>&nbsp;&nbsp;&nbsp;Mro\u017ane zimy im nie straszne, mog\u0105 jednak cierpie\u0107 od p\u00f3\u017anych przymrozk\u00f3w &#8211; zw\u0142aszcza w m\u0142odo\u015bci.&nbsp;<br>&nbsp;&nbsp;&nbsp;Gleba powinna by\u0107 lekko kwa\u015bna, na glebach wapiennych b\u0142otnie rosn\u0105 \u017ale.<\/p>\n<\/div>\n\n\n\n<div class=\"wp-block-column is-layout-flow wp-block-column-is-layout-flow\"><div class=\"wp-block-image\">\n<figure class=\"aligncenter size-large\"><img loading=\"lazy\" decoding=\"async\" width=\"500\" height=\"693\" src=\"https:\/\/www.ogrodnick.pl\/word\/wp-content\/uploads\/2020\/03\/nyssa_sylvatica_mloda.jpg\" alt=\"\" class=\"wp-image-836\" srcset=\"https:\/\/www.ogrodnick.pl\/word\/wp-content\/uploads\/2020\/03\/nyssa_sylvatica_mloda.jpg 500w, https:\/\/www.ogrodnick.pl\/word\/wp-content\/uploads\/2020\/03\/nyssa_sylvatica_mloda-216x300.jpg 216w\" sizes=\"auto, (max-width: 500px) 100vw, 500px\" \/><\/figure>\n<\/div><\/div>\n<\/div>\n\n\n\n<div class=\"wp-block-columns alignfull is-layout-flex wp-container-core-columns-is-layout-9d6595d7 wp-block-columns-is-layout-flex\">\n<div class=\"wp-block-column is-layout-flow wp-block-column-is-layout-flow\"><div class=\"wp-block-image\">\n<figure class=\"aligncenter size-large\"><img loading=\"lazy\" decoding=\"async\" width=\"500\" height=\"434\" src=\"https:\/\/www.ogrodnick.pl\/word\/wp-content\/uploads\/2020\/03\/nyssa_sylvatica_liscie_zol.jpg\" alt=\"\" class=\"wp-image-835\" srcset=\"https:\/\/www.ogrodnick.pl\/word\/wp-content\/uploads\/2020\/03\/nyssa_sylvatica_liscie_zol.jpg 500w, https:\/\/www.ogrodnick.pl\/word\/wp-content\/uploads\/2020\/03\/nyssa_sylvatica_liscie_zol-300x260.jpg 300w\" sizes=\"auto, (max-width: 500px) 100vw, 500px\" \/><\/figure>\n<\/div>\n\n<div class=\"wp-block-image\">\n<figure class=\"aligncenter size-large\"><img loading=\"lazy\" decoding=\"async\" width=\"500\" height=\"287\" src=\"https:\/\/www.ogrodnick.pl\/word\/wp-content\/uploads\/2020\/03\/nyssa_sylvatica_liscie_pom.jpg\" alt=\"\" class=\"wp-image-834\" srcset=\"https:\/\/www.ogrodnick.pl\/word\/wp-content\/uploads\/2020\/03\/nyssa_sylvatica_liscie_pom.jpg 500w, https:\/\/www.ogrodnick.pl\/word\/wp-content\/uploads\/2020\/03\/nyssa_sylvatica_liscie_pom-300x172.jpg 300w\" sizes=\"auto, (max-width: 500px) 100vw, 500px\" \/><\/figure>\n<\/div><\/div>\n\n\n\n<div class=\"wp-block-column is-layout-flow wp-block-column-is-layout-flow\"><div class=\"wp-block-image\">\n<figure class=\"aligncenter size-large\"><img loading=\"lazy\" decoding=\"async\" width=\"500\" height=\"333\" src=\"https:\/\/www.ogrodnick.pl\/word\/wp-content\/uploads\/2020\/03\/nyssa_sylvatica_liscie.jpg\" alt=\"\" class=\"wp-image-832\" srcset=\"https:\/\/www.ogrodnick.pl\/word\/wp-content\/uploads\/2020\/03\/nyssa_sylvatica_liscie.jpg 500w, https:\/\/www.ogrodnick.pl\/word\/wp-content\/uploads\/2020\/03\/nyssa_sylvatica_liscie-300x200.jpg 300w\" sizes=\"auto, (max-width: 500px) 100vw, 500px\" \/><\/figure>\n<\/div><\/div>\n<\/div>\n","protected":false},"excerpt":{"rendered":"<p>B\u0142otnia le\u015bna (nyssa, kl\u0105\u017ca)\u00a0(Nyssa sylvatica)\u00a0ro\u015bnie we wschodniej po\u0142owie Stan\u00f3w Zjednoczonych i w Ontario w Kanadzie. OPIS:\u00a0\u00a0\u00a0W ameryka\u0144skich lasach b\u0142otnie le\u015bne osi\u0105gaj\u0105 25 metr\u00f3w wysoko\u015bci. Uprawiane jako drzewa ozdobne, gdy nie musz\u0105 \u015bciga\u0107 si\u0119 do \u015bwiat\u0142a, nyssy miewaj\u0105 metr\u00f3w najwy\u017cej kilkana\u015bcie. M\u0142ode drzewa maj\u0105 regulrn\u0105 sto\u017ckowat\u0105 koron\u0119, prosty pie\u0144 i charakterystyczne poziomo rozpostarte ga\u0142\u0119zie. W starszym [&hellip;]<\/p>\n","protected":false},"author":1,"featured_media":0,"parent":0,"menu_order":0,"comment_status":"closed","ping_status":"closed","template":"","meta":{"footnotes":""},"class_list":["post-454","page","type-page","status-publish","hentry"],"_links":{"self":[{"href":"https:\/\/www.ogrodnick.pl\/word\/wp-json\/wp\/v2\/pages\/454","targetHints":{"allow":["GET"]}}],"collection":[{"href":"https:\/\/www.ogrodnick.pl\/word\/wp-json\/wp\/v2\/pages"}],"about":[{"href":"https:\/\/www.ogrodnick.pl\/word\/wp-json\/wp\/v2\/types\/page"}],"author":[{"embeddable":true,"href":"https:\/\/www.ogrodnick.pl\/word\/wp-json\/wp\/v2\/users\/1"}],"replies":[{"embeddable":true,"href":"https:\/\/www.ogrodnick.pl\/word\/wp-json\/wp\/v2\/comments?post=454"}],"version-history":[{"count":6,"href":"https:\/\/www.ogrodnick.pl\/word\/wp-json\/wp\/v2\/pages\/454\/revisions"}],"predecessor-version":[{"id":1278,"href":"https:\/\/www.ogrodnick.pl\/word\/wp-json\/wp\/v2\/pages\/454\/revisions\/1278"}],"wp:attachment":[{"href":"https:\/\/www.ogrodnick.pl\/word\/wp-json\/wp\/v2\/media?parent=454"}],"curies":[{"name":"wp","href":"https:\/\/api.w.org\/{rel}","templated":true}]}}