{"id":435,"date":"2020-03-14T11:55:29","date_gmt":"2020-03-14T11:55:29","guid":{"rendered":"http:\/\/www.ogrodnick.pl\/word\/?page_id=435"},"modified":"2020-03-20T13:04:37","modified_gmt":"2020-03-20T13:04:37","slug":"kalopanaks-kalopanax-pictus-k-septemlobus","status":"publish","type":"page","link":"https:\/\/www.ogrodnick.pl\/word\/kalopanaks-kalopanax-pictus-k-septemlobus\/","title":{"rendered":"Kalopanaks (Kalopanax pictus, K. septemlobus)"},"content":{"rendered":"\n<div class=\"wp-block-group alignfull\"><div class=\"wp-block-group__inner-container is-layout-flow wp-block-group-is-layout-flow\">\n<p>Kalopanaks&nbsp;(<em>Kalopanax pictus, K. septemlobus<\/em>)&nbsp;ro\u015bnie w Japonii, Korei, w P\u00f3\u0142nocnych Chinach, na Wyspach kurylskich i wschodzie Syberii.<\/p>\n<\/div><\/div>\n\n\n\n<div class=\"wp-block-columns alignfull is-layout-flex wp-container-core-columns-is-layout-9d6595d7 wp-block-columns-is-layout-flex\">\n<div class=\"wp-block-column is-layout-flow wp-block-column-is-layout-flow\">\n<p><strong>OPIS:<br><\/strong>&nbsp;&nbsp;&nbsp;W lasach bywa drzewem ponad dwudziestometrowym, kalopanaksy rosn\u0105ce na stanowiskach s\u0142onecznych wyrastaj\u0105 w kilkunastometrowe drzewa z zaokr\u0105glon\u0105, nieco prze\u015bwituj\u0105c\u0105 koron\u0105.&nbsp;<br>&nbsp;&nbsp;&nbsp;Tak jak u spokrewnionej aralii, p\u0119dy i ga\u0142\u0119zie kalopanaks\u00f3w pokryte s\u0105 silnymi kolcami, troch\u0119 ich bywa r\u00f3wnie\u017c na pniu i grubych konarach.&nbsp;<br>&nbsp;&nbsp;&nbsp;Bardzo ozdobne s\u0105 du\u017ce, maj\u0105ce 15-30 cm li\u015bcie &#8211; d\u0142oniaste, maj\u0105 5 lub 7 klap i s\u0105 podobne do li\u015bci ambrowca lub niekt\u00f3rych klon\u00f3w. Li\u015bcie kalopanaks\u00f3w jesieni\u0105 efektownie przebarwiaj\u0105 si\u0119 na \u017c\u00f3\u0142to.&nbsp;<br>&nbsp;&nbsp;&nbsp;Kalopanaksy kwitn\u0105 w sierpniu i wrze\u015bniu. Liczne kwiatki tworz\u0105ce baldachy na ko\u0144cach p\u0119d\u00f3w (bardzo nektarodajne &#8211; cenna ro\u015blina pszczelarska). Przez ca\u0142\u0105 jesie\u0144 kalopanaksowe drzewka zdobi\u0105 ma\u0142e owoce &#8211; najpierw zielone, potem czerwone i czarne.<\/p>\n<\/div>\n\n\n\n<div class=\"wp-block-column is-layout-flow wp-block-column-is-layout-flow\">\n<div class=\"wp-block-image\"><figure class=\"aligncenter size-large\"><img loading=\"lazy\" decoding=\"async\" width=\"500\" height=\"551\" src=\"https:\/\/www.ogrodnick.pl\/word\/wp-content\/uploads\/2020\/03\/Kalopanax_drzewo500.jpg\" alt=\"\" class=\"wp-image-797\" srcset=\"https:\/\/www.ogrodnick.pl\/word\/wp-content\/uploads\/2020\/03\/Kalopanax_drzewo500.jpg 500w, https:\/\/www.ogrodnick.pl\/word\/wp-content\/uploads\/2020\/03\/Kalopanax_drzewo500-272x300.jpg 272w\" sizes=\"auto, (max-width: 500px) 100vw, 500px\" \/><\/figure><\/div>\n<\/div>\n<\/div>\n\n\n\n<div class=\"wp-block-columns alignfull is-layout-flex wp-container-core-columns-is-layout-9d6595d7 wp-block-columns-is-layout-flex\">\n<div class=\"wp-block-column is-layout-flow wp-block-column-is-layout-flow\">\n<p><strong>UPRAWA:<\/strong>&nbsp;<br>&nbsp;&nbsp;&nbsp;Kalopanaksy rosn\u0105 wolno, mog\u0105 rosn\u0105\u0107 na ka\u017cdej niepodmok\u0142ej glebie. W ch\u0142odniejszych rejonach kraju m\u0142ode, d\u0142ugo rosn\u0105ce mog\u0105 nieco cierpie\u0107 podczas surowych zim (podmarzaj\u0105 wierzcho\u0142ki p\u0119d\u00f3w), starsze s\u0105 zupe\u0142nie odporne. Kalopanaksy znosz\u0105 cie\u0144, ale kszta\u0142tne korony maj\u0105 drzewa rosn\u0105ce na stanowiskach.<\/p>\n<\/div>\n\n\n\n<div class=\"wp-block-column is-layout-flow wp-block-column-is-layout-flow\">\n<div class=\"wp-block-image\"><figure class=\"aligncenter size-large\"><img loading=\"lazy\" decoding=\"async\" width=\"500\" height=\"375\" src=\"https:\/\/www.ogrodnick.pl\/word\/wp-content\/uploads\/2020\/03\/Kalopanax_kwiaty500.jpg\" alt=\"\" class=\"wp-image-799\" srcset=\"https:\/\/www.ogrodnick.pl\/word\/wp-content\/uploads\/2020\/03\/Kalopanax_kwiaty500.jpg 500w, https:\/\/www.ogrodnick.pl\/word\/wp-content\/uploads\/2020\/03\/Kalopanax_kwiaty500-300x225.jpg 300w\" sizes=\"auto, (max-width: 500px) 100vw, 500px\" \/><\/figure><\/div>\n<\/div>\n<\/div>\n\n\n\n<div class=\"wp-block-columns alignfull is-layout-flex wp-container-core-columns-is-layout-9d6595d7 wp-block-columns-is-layout-flex\">\n<div class=\"wp-block-column is-layout-flow wp-block-column-is-layout-flow\">\n<div class=\"wp-block-image\"><figure class=\"aligncenter size-large\"><img loading=\"lazy\" decoding=\"async\" width=\"500\" height=\"517\" src=\"https:\/\/www.ogrodnick.pl\/word\/wp-content\/uploads\/2020\/03\/Kalopanax_kolce500.jpg\" alt=\"\" class=\"wp-image-798\" srcset=\"https:\/\/www.ogrodnick.pl\/word\/wp-content\/uploads\/2020\/03\/Kalopanax_kolce500.jpg 500w, https:\/\/www.ogrodnick.pl\/word\/wp-content\/uploads\/2020\/03\/Kalopanax_kolce500-290x300.jpg 290w\" sizes=\"auto, (max-width: 500px) 100vw, 500px\" \/><\/figure><\/div>\n<\/div>\n\n\n\n<div class=\"wp-block-column is-layout-flow wp-block-column-is-layout-flow\">\n<div class=\"wp-block-image\"><figure class=\"aligncenter size-large\"><img loading=\"lazy\" decoding=\"async\" width=\"500\" height=\"374\" src=\"https:\/\/www.ogrodnick.pl\/word\/wp-content\/uploads\/2020\/03\/Kalopanax_stary500.jpg\" alt=\"\" class=\"wp-image-800\" srcset=\"https:\/\/www.ogrodnick.pl\/word\/wp-content\/uploads\/2020\/03\/Kalopanax_stary500.jpg 500w, https:\/\/www.ogrodnick.pl\/word\/wp-content\/uploads\/2020\/03\/Kalopanax_stary500-300x224.jpg 300w\" sizes=\"auto, (max-width: 500px) 100vw, 500px\" \/><\/figure><\/div>\n<\/div>\n<\/div>\n","protected":false},"excerpt":{"rendered":"<p>Kalopanaks&nbsp;(Kalopanax pictus, K. septemlobus)&nbsp;ro\u015bnie w Japonii, Korei, w P\u00f3\u0142nocnych Chinach, na Wyspach kurylskich i wschodzie Syberii. OPIS:&nbsp;&nbsp;&nbsp;W lasach bywa drzewem ponad dwudziestometrowym, kalopanaksy rosn\u0105ce na stanowiskach s\u0142onecznych wyrastaj\u0105 w kilkunastometrowe drzewa z zaokr\u0105glon\u0105, nieco prze\u015bwituj\u0105c\u0105 koron\u0105.&nbsp;&nbsp;&nbsp;&nbsp;Tak jak u spokrewnionej aralii, p\u0119dy i ga\u0142\u0119zie kalopanaks\u00f3w pokryte s\u0105 silnymi kolcami, troch\u0119 ich bywa r\u00f3wnie\u017c na pniu i [&hellip;]<\/p>\n","protected":false},"author":1,"featured_media":0,"parent":0,"menu_order":0,"comment_status":"closed","ping_status":"closed","template":"","meta":{"footnotes":""},"class_list":["post-435","page","type-page","status-publish","hentry"],"_links":{"self":[{"href":"https:\/\/www.ogrodnick.pl\/word\/wp-json\/wp\/v2\/pages\/435","targetHints":{"allow":["GET"]}}],"collection":[{"href":"https:\/\/www.ogrodnick.pl\/word\/wp-json\/wp\/v2\/pages"}],"about":[{"href":"https:\/\/www.ogrodnick.pl\/word\/wp-json\/wp\/v2\/types\/page"}],"author":[{"embeddable":true,"href":"https:\/\/www.ogrodnick.pl\/word\/wp-json\/wp\/v2\/users\/1"}],"replies":[{"embeddable":true,"href":"https:\/\/www.ogrodnick.pl\/word\/wp-json\/wp\/v2\/comments?post=435"}],"version-history":[{"count":3,"href":"https:\/\/www.ogrodnick.pl\/word\/wp-json\/wp\/v2\/pages\/435\/revisions"}],"predecessor-version":[{"id":1047,"href":"https:\/\/www.ogrodnick.pl\/word\/wp-json\/wp\/v2\/pages\/435\/revisions\/1047"}],"wp:attachment":[{"href":"https:\/\/www.ogrodnick.pl\/word\/wp-json\/wp\/v2\/media?parent=435"}],"curies":[{"name":"wp","href":"https:\/\/api.w.org\/{rel}","templated":true}]}}