{"id":422,"date":"2020-03-14T10:13:04","date_gmt":"2020-03-14T10:13:04","guid":{"rendered":"http:\/\/www.ogrodnick.pl\/word\/?page_id=422"},"modified":"2020-03-21T15:06:36","modified_gmt":"2020-03-21T15:06:36","slug":"palecznik-chinski-decaisnea-fargesii","status":"publish","type":"page","link":"https:\/\/www.ogrodnick.pl\/word\/palecznik-chinski-decaisnea-fargesii\/","title":{"rendered":"Palecznik chi\u0144ski (Decaisnea fargesii)"},"content":{"rendered":"\n<div class=\"wp-block-group alignfull\"><div class=\"wp-block-group__inner-container is-layout-flow wp-block-group-is-layout-flow\">\n<p>Palecznik chi\u0144ski (<em>Decaisnea fargesii<\/em>)&nbsp;wyst\u0119puje w Himalajach i w zachodniej cz\u0119\u015bci Chin. Przed ponad 100 laty odkry\u0142 go dla \u015bwiata (podobnie jak dziesi\u0105tki innych ro\u015blin) francuski misjonarz i botanik Paul Guillaume Farges.<\/p>\n<\/div><\/div>\n\n\n\n<div class=\"wp-block-columns alignfull is-layout-flex wp-container-core-columns-is-layout-9d6595d7 wp-block-columns-is-layout-flex\">\n<div class=\"wp-block-column is-layout-flow wp-block-column-is-layout-flow\">\n<p><strong>OPIS:<br><\/strong>&nbsp;&nbsp;&nbsp;Ten krzew o grubych, wyprostowanych p\u0119dach i niebieskozielonych pierzastych li\u015bciach d\u0142ugo\u015bci do 1 metra, osi\u0105ga u nas 2-3 metry wysoko\u015bci.&nbsp;<br>&nbsp;&nbsp;&nbsp;W innych j\u0119zykach jego nazwy znacz\u0105 &#8222;niebieska kie\u0142basa&#8221;, &#8222;niebieska fasola&#8221; lub&#8221;niebieski og\u00f3rek&#8221;. Wszystko to za spraw\u0105 niezwyk\u0142ych owoc\u00f3w &#8211; str\u0105kopodobne torebki d\u0142ugo\u015bci do 10 centymetr\u00f3w dojrza\u0142e wygl\u0105daj\u0105 jak zrobione z niebieskiego zamszu. W USA palecznik bywa nazywany r\u00f3wnie\u017c &#8222;dead man&#8217;s fingers&#8221;, z jego owoc\u00f3w sporz\u0105dzane s\u0105 &#8222;straszne&#8221; dekoracje na \u015bwi\u0119to&nbsp;<em>Halloween<\/em>.&nbsp;<br>&nbsp;&nbsp;&nbsp;Opr\u00f3cz niezwyk\u0142ej urody owoce maj\u0105 jescze jedn\u0105 zalet\u0119 &#8211; s\u0105 jadalne, s\u0142odkawe i ca\u0142kiem smaczne.&nbsp;<br>&nbsp;&nbsp;&nbsp;W ca\u0142kiem powa\u017cnych \u017ar\u00f3d\u0142ach mo\u017cna znale\u017a\u0107 informacj\u0119, \u017ce paleczniki s\u0105 dwupienne &#8211; \u017ceby by\u0142y owoce, musz\u0105 rosn\u0105\u0107 blisko siebie dwie ro\u015bliny r\u00f3\u017cnych p\u0142ci. To nieprawda. Paleczniki maj\u0105 dwupienne kwiaty. Zdarza si\u0119, \u017ce na krzewie jest tylko jedna p\u0142e\u0107 (zw\u0142aszcza u m\u0142odych ro\u015blin przez pierwsze lata s\u0105 przewa\u017cnie kwiaty m\u0119skie, same \u017ce\u0144skie wyst\u0119puj\u0105 bardzo rzadko), jednak w nast\u0119pnym roku mo\u017ce by\u0107 inaczej. Wed\u0142ug moich obserwacji najcz\u0119\u015bciej w jednym kwiatostanie s\u0105 zar\u00f3wno kwiaty m\u0119skie jak i mniej liczne \u017ce\u0144skie (zdj\u0119cie obok).&nbsp;<br>&nbsp;&nbsp;&nbsp;Bardzo du\u017co uroku maj\u0105 rozkwitaj\u0105ce w maju i czerwcu palecznikowe kwiatki &#8211; \u017c\u00f3\u0142tozielone 3-centymetrowe dzwoneczki skupione w d\u0142ugich wiechach.&nbsp;<br>&nbsp;&nbsp;&nbsp;Jesienne zabarwienie \u017c\u00f3\u0142te, niebieskie owoce pozostaj\u0105 na krzewach po opadni\u0119ciu li\u015bci.<\/p>\n<\/div>\n\n\n\n<div class=\"wp-block-column is-layout-flow wp-block-column-is-layout-flow\">\n<div class=\"wp-block-image\"><figure class=\"aligncenter size-large\"><img loading=\"lazy\" decoding=\"async\" width=\"500\" height=\"361\" src=\"https:\/\/www.ogrodnick.pl\/word\/wp-content\/uploads\/2020\/03\/decaisnea_fargesii_kwiaty_rozne3N.jpg\" alt=\"\" class=\"wp-image-725\" srcset=\"https:\/\/www.ogrodnick.pl\/word\/wp-content\/uploads\/2020\/03\/decaisnea_fargesii_kwiaty_rozne3N.jpg 500w, https:\/\/www.ogrodnick.pl\/word\/wp-content\/uploads\/2020\/03\/decaisnea_fargesii_kwiaty_rozne3N-300x217.jpg 300w\" sizes=\"auto, (max-width: 500px) 100vw, 500px\" \/><\/figure><\/div>\n<\/div>\n<\/div>\n\n\n\n<div class=\"wp-block-columns alignfull is-layout-flex wp-container-core-columns-is-layout-9d6595d7 wp-block-columns-is-layout-flex\">\n<div class=\"wp-block-column is-layout-flow wp-block-column-is-layout-flow\">\n<p><strong>UPRAWA:<\/strong>&nbsp;<br>&nbsp;&nbsp;&nbsp;Mo\u017ce rosn\u0105\u0107 nawet na suchych, ubogich glebach. Przeci\u0119tne zimy znosi dobrze, kwitnie i obficie owocuje nawet na wsch\u00f3d od Wis\u0142y. W Polsce cierpi podczas surowych zim, czasem marznie a\u017c do granicy \u015bniegu (np 1986\/1987, gdy przy gruncie by\u0142o nawet -41 C), nie zagra\u017ca to jednak jego istnieniu. W ogrodach botanicznych mo\u017cna znale\u017a\u0107 krzewy przedwojenne.&nbsp;<br>&nbsp;&nbsp;&nbsp;Paleczniki, zw\u0142aszcza m\u0142ode s\u0105 wra\u017cliwe na wiosenne przymrozki. Ryzyko uszkodze\u0144 mo\u017cna zmniejszy\u0107 przez okrywanie, sadzenie na stanowiskach os\u0142oni\u0119tych od porannego s\u0142o\u0144ca (zmarzni\u0119te listki zd\u0105\u017c\u0105 spokojnie odtaja\u0107) lub \u015bci\u00f3\u0142kowanie gleby wiosn\u0105 (dzi\u0119ki temu troch\u0119 p\u00f3\u017aniej rozpoczyna wegetacj\u0119).<\/p>\n<\/div>\n\n\n\n<div class=\"wp-block-column is-layout-flow wp-block-column-is-layout-flow\">\n<div class=\"wp-block-image\"><figure class=\"aligncenter size-large\"><img loading=\"lazy\" decoding=\"async\" width=\"500\" height=\"586\" src=\"https:\/\/www.ogrodnick.pl\/word\/wp-content\/uploads\/2020\/03\/decaisnea_fargesii_owoce2N.jpg\" alt=\"\" class=\"wp-image-726\" srcset=\"https:\/\/www.ogrodnick.pl\/word\/wp-content\/uploads\/2020\/03\/decaisnea_fargesii_owoce2N.jpg 500w, https:\/\/www.ogrodnick.pl\/word\/wp-content\/uploads\/2020\/03\/decaisnea_fargesii_owoce2N-256x300.jpg 256w\" sizes=\"auto, (max-width: 500px) 100vw, 500px\" \/><\/figure><\/div>\n<\/div>\n<\/div>\n\n\n\n<div class=\"wp-block-image\"><figure class=\"aligncenter size-large\"><img loading=\"lazy\" decoding=\"async\" width=\"500\" height=\"382\" src=\"https:\/\/www.ogrodnick.pl\/word\/wp-content\/uploads\/2020\/03\/decaisnea_fargesii_owoce_palceN.jpg\" alt=\"\" class=\"wp-image-728\" srcset=\"https:\/\/www.ogrodnick.pl\/word\/wp-content\/uploads\/2020\/03\/decaisnea_fargesii_owoce_palceN.jpg 500w, https:\/\/www.ogrodnick.pl\/word\/wp-content\/uploads\/2020\/03\/decaisnea_fargesii_owoce_palceN-300x229.jpg 300w\" sizes=\"auto, (max-width: 500px) 100vw, 500px\" \/><\/figure><\/div>\n","protected":false},"excerpt":{"rendered":"<p>Palecznik chi\u0144ski (Decaisnea fargesii)&nbsp;wyst\u0119puje w Himalajach i w zachodniej cz\u0119\u015bci Chin. Przed ponad 100 laty odkry\u0142 go dla \u015bwiata (podobnie jak dziesi\u0105tki innych ro\u015blin) francuski misjonarz i botanik Paul Guillaume Farges. OPIS:&nbsp;&nbsp;&nbsp;Ten krzew o grubych, wyprostowanych p\u0119dach i niebieskozielonych pierzastych li\u015bciach d\u0142ugo\u015bci do 1 metra, osi\u0105ga u nas 2-3 metry wysoko\u015bci.&nbsp;&nbsp;&nbsp;&nbsp;W innych j\u0119zykach jego nazwy [&hellip;]<\/p>\n","protected":false},"author":1,"featured_media":0,"parent":0,"menu_order":0,"comment_status":"closed","ping_status":"closed","template":"","meta":{"footnotes":""},"class_list":["post-422","page","type-page","status-publish","hentry"],"_links":{"self":[{"href":"https:\/\/www.ogrodnick.pl\/word\/wp-json\/wp\/v2\/pages\/422","targetHints":{"allow":["GET"]}}],"collection":[{"href":"https:\/\/www.ogrodnick.pl\/word\/wp-json\/wp\/v2\/pages"}],"about":[{"href":"https:\/\/www.ogrodnick.pl\/word\/wp-json\/wp\/v2\/types\/page"}],"author":[{"embeddable":true,"href":"https:\/\/www.ogrodnick.pl\/word\/wp-json\/wp\/v2\/users\/1"}],"replies":[{"embeddable":true,"href":"https:\/\/www.ogrodnick.pl\/word\/wp-json\/wp\/v2\/comments?post=422"}],"version-history":[{"count":3,"href":"https:\/\/www.ogrodnick.pl\/word\/wp-json\/wp\/v2\/pages\/422\/revisions"}],"predecessor-version":[{"id":1083,"href":"https:\/\/www.ogrodnick.pl\/word\/wp-json\/wp\/v2\/pages\/422\/revisions\/1083"}],"wp:attachment":[{"href":"https:\/\/www.ogrodnick.pl\/word\/wp-json\/wp\/v2\/media?parent=422"}],"curies":[{"name":"wp","href":"https:\/\/api.w.org\/{rel}","templated":true}]}}