{"id":417,"date":"2020-03-14T10:20:28","date_gmt":"2020-03-14T10:20:28","guid":{"rendered":"http:\/\/www.ogrodnick.pl\/word\/?page_id=417"},"modified":"2020-03-20T12:44:03","modified_gmt":"2020-03-20T12:44:03","slug":"enkiant-dzwonkowaty-enkianthus-campanulatus","status":"publish","type":"page","link":"https:\/\/www.ogrodnick.pl\/word\/enkiant-dzwonkowaty-enkianthus-campanulatus\/","title":{"rendered":"Enkiant dzwonkowaty (Enkianthus campanulatus)"},"content":{"rendered":"\n<div class=\"wp-block-group alignfull\"><div class=\"wp-block-group__inner-container is-layout-flow wp-block-group-is-layout-flow\">\n<p>Enkiant dzwonkowaty (<em>Enkianthus campanulatus<\/em>)&nbsp;ro\u015bnie w Japonii.<\/p>\n<\/div><\/div>\n\n\n\n<div class=\"wp-block-columns alignfull is-layout-flex wp-container-core-columns-is-layout-9d6595d7 wp-block-columns-is-layout-flex\">\n<div class=\"wp-block-column is-layout-flow wp-block-column-is-layout-flow\">\n<p><strong>OPIS:<\/strong><br>&nbsp;&nbsp;&nbsp;W ojczy\u017anie krzew lub ma\u0142e drzewko, w Polsce osi\u0105ga najwy\u017cej 3 metry wysoko\u015bci.&nbsp;<br>&nbsp;&nbsp;&nbsp; Bardzo liczne kwiatki &#8211; oko\u0142o centymetrowe bia\u0142e lub lekko kremowe dzwoneczki z czerwonymi \u017cy\u0142kami i brzegiem rozkwitaj\u0105 u nas w ko\u0144cu maja. Jesieni\u0105 zwykle li\u015bcie enkiant\u00f3w przybieraj\u0105 intensywn\u0105 czerwon\u0105 barw\u0119, czasem pomara\u0144czo\u0105.<br>&nbsp;&nbsp;&nbsp;Bardzo efektownie wygl\u0105daj\u0105 drzewkowate enkianty z powyginanymi ga\u0142\u0105zkami i parasolem utworzonym z li\u015bci skupionych w rozetki na ko\u0144cach p\u0119d\u00f3w. Je\u015bli chc\u0119 Pa\u0144stwo aby krzew by\u0142 ma\u0142y i g\u0119sty, mo\u017cna go przycina\u0107 tu\u017c po kwitnieniu.&nbsp;<br>&nbsp;&nbsp;&nbsp;Japo\u0144czycy ch\u0119tnie hoduj\u0105 enkianty w pojemnikach.&nbsp;<\/p>\n<\/div>\n\n\n\n<div class=\"wp-block-column is-layout-flow wp-block-column-is-layout-flow\">\n<div class=\"wp-block-image\"><figure class=\"aligncenter size-large\"><img loading=\"lazy\" decoding=\"async\" width=\"500\" height=\"681\" src=\"https:\/\/www.ogrodnick.pl\/word\/wp-content\/uploads\/2020\/03\/enkiant_jesien_500.jpg\" alt=\"\" class=\"wp-image-743\" srcset=\"https:\/\/www.ogrodnick.pl\/word\/wp-content\/uploads\/2020\/03\/enkiant_jesien_500.jpg 500w, https:\/\/www.ogrodnick.pl\/word\/wp-content\/uploads\/2020\/03\/enkiant_jesien_500-220x300.jpg 220w\" sizes=\"auto, (max-width: 500px) 100vw, 500px\" \/><\/figure><\/div>\n<\/div>\n<\/div>\n\n\n\n<div class=\"wp-block-columns alignfull is-layout-flex wp-container-core-columns-is-layout-9d6595d7 wp-block-columns-is-layout-flex\">\n<div class=\"wp-block-column is-layout-flow wp-block-column-is-layout-flow\">\n<p><strong>UPRAWA:<\/strong><br>&nbsp;&nbsp;&nbsp;Jak wszystkie wrzosowate enkiant lubi ziemi\u0119 troch\u0119 kwa\u015bn\u0105. Doskonale ro\u015bnie i kwitnie w cieniu, ale na stanowiskach s\u0142onecznych efektowniej przebarwia li\u015bcie. Nie lubi suszy i gor\u0105ca &#8211; doskonale czuje si\u0119 w towarzystwie r\u00f3\u017canecznik\u00f3w.<br>&nbsp;&nbsp;&nbsp; Enkianty dzwonkowate s\u0105 odporne na mrozy, bywaj\u0105 bardzo nieznacznie uszkadzane tylko podczas &#8222;zim stulecia&#8221;.<\/p>\n<\/div>\n\n\n\n<div class=\"wp-block-column is-layout-flow wp-block-column-is-layout-flow\">\n<div class=\"wp-block-image\"><figure class=\"aligncenter size-large\"><img loading=\"lazy\" decoding=\"async\" width=\"500\" height=\"412\" src=\"https:\/\/www.ogrodnick.pl\/word\/wp-content\/uploads\/2020\/03\/enkiant_kwiatki_makro500.jpg\" alt=\"\" class=\"wp-image-744\" srcset=\"https:\/\/www.ogrodnick.pl\/word\/wp-content\/uploads\/2020\/03\/enkiant_kwiatki_makro500.jpg 500w, https:\/\/www.ogrodnick.pl\/word\/wp-content\/uploads\/2020\/03\/enkiant_kwiatki_makro500-300x247.jpg 300w\" sizes=\"auto, (max-width: 500px) 100vw, 500px\" \/><\/figure><\/div>\n<\/div>\n<\/div>\n\n\n\n<div class=\"wp-block-columns alignfull is-layout-flex wp-container-core-columns-is-layout-9d6595d7 wp-block-columns-is-layout-flex\">\n<div class=\"wp-block-column is-layout-flow wp-block-column-is-layout-flow\">\n<div class=\"wp-block-image\"><figure class=\"aligncenter size-large\"><img loading=\"lazy\" decoding=\"async\" width=\"454\" height=\"339\" src=\"https:\/\/www.ogrodnick.pl\/word\/wp-content\/uploads\/2020\/03\/enkiant_liscie_al.jpg\" alt=\"\" class=\"wp-image-746\" srcset=\"https:\/\/www.ogrodnick.pl\/word\/wp-content\/uploads\/2020\/03\/enkiant_liscie_al.jpg 454w, https:\/\/www.ogrodnick.pl\/word\/wp-content\/uploads\/2020\/03\/enkiant_liscie_al-300x224.jpg 300w\" sizes=\"auto, (max-width: 454px) 100vw, 454px\" \/><\/figure><\/div>\n<\/div>\n\n\n\n<div class=\"wp-block-column is-layout-flow wp-block-column-is-layout-flow\">\n<div class=\"wp-block-image\"><figure class=\"aligncenter size-large\"><img loading=\"lazy\" decoding=\"async\" width=\"500\" height=\"406\" src=\"https:\/\/www.ogrodnick.pl\/word\/wp-content\/uploads\/2020\/03\/enkiant_kwiatki_roz_500.jpg\" alt=\"\" class=\"wp-image-745\" srcset=\"https:\/\/www.ogrodnick.pl\/word\/wp-content\/uploads\/2020\/03\/enkiant_kwiatki_roz_500.jpg 500w, https:\/\/www.ogrodnick.pl\/word\/wp-content\/uploads\/2020\/03\/enkiant_kwiatki_roz_500-300x244.jpg 300w\" sizes=\"auto, (max-width: 500px) 100vw, 500px\" \/><\/figure><\/div>\n<\/div>\n<\/div>\n\n\n\n<div class=\"wp-block-image\"><figure class=\"aligncenter size-large\"><img loading=\"lazy\" decoding=\"async\" width=\"500\" height=\"331\" src=\"https:\/\/www.ogrodnick.pl\/word\/wp-content\/uploads\/2020\/03\/enkiant_liscie_jesien_500.jpg\" alt=\"\" class=\"wp-image-747\" srcset=\"https:\/\/www.ogrodnick.pl\/word\/wp-content\/uploads\/2020\/03\/enkiant_liscie_jesien_500.jpg 500w, https:\/\/www.ogrodnick.pl\/word\/wp-content\/uploads\/2020\/03\/enkiant_liscie_jesien_500-300x199.jpg 300w\" sizes=\"auto, (max-width: 500px) 100vw, 500px\" \/><\/figure><\/div>\n","protected":false},"excerpt":{"rendered":"<p>Enkiant dzwonkowaty (Enkianthus campanulatus)&nbsp;ro\u015bnie w Japonii. OPIS:&nbsp;&nbsp;&nbsp;W ojczy\u017anie krzew lub ma\u0142e drzewko, w Polsce osi\u0105ga najwy\u017cej 3 metry wysoko\u015bci.&nbsp;&nbsp;&nbsp;&nbsp; Bardzo liczne kwiatki &#8211; oko\u0142o centymetrowe bia\u0142e lub lekko kremowe dzwoneczki z czerwonymi \u017cy\u0142kami i brzegiem rozkwitaj\u0105 u nas w ko\u0144cu maja. Jesieni\u0105 zwykle li\u015bcie enkiant\u00f3w przybieraj\u0105 intensywn\u0105 czerwon\u0105 barw\u0119, czasem pomara\u0144czo\u0105.&nbsp;&nbsp;&nbsp;Bardzo efektownie wygl\u0105daj\u0105 drzewkowate enkianty [&hellip;]<\/p>\n","protected":false},"author":1,"featured_media":0,"parent":0,"menu_order":0,"comment_status":"closed","ping_status":"closed","template":"","meta":{"footnotes":""},"class_list":["post-417","page","type-page","status-publish","hentry"],"_links":{"self":[{"href":"https:\/\/www.ogrodnick.pl\/word\/wp-json\/wp\/v2\/pages\/417","targetHints":{"allow":["GET"]}}],"collection":[{"href":"https:\/\/www.ogrodnick.pl\/word\/wp-json\/wp\/v2\/pages"}],"about":[{"href":"https:\/\/www.ogrodnick.pl\/word\/wp-json\/wp\/v2\/types\/page"}],"author":[{"embeddable":true,"href":"https:\/\/www.ogrodnick.pl\/word\/wp-json\/wp\/v2\/users\/1"}],"replies":[{"embeddable":true,"href":"https:\/\/www.ogrodnick.pl\/word\/wp-json\/wp\/v2\/comments?post=417"}],"version-history":[{"count":2,"href":"https:\/\/www.ogrodnick.pl\/word\/wp-json\/wp\/v2\/pages\/417\/revisions"}],"predecessor-version":[{"id":1036,"href":"https:\/\/www.ogrodnick.pl\/word\/wp-json\/wp\/v2\/pages\/417\/revisions\/1036"}],"wp:attachment":[{"href":"https:\/\/www.ogrodnick.pl\/word\/wp-json\/wp\/v2\/media?parent=417"}],"curies":[{"name":"wp","href":"https:\/\/api.w.org\/{rel}","templated":true}]}}