{"id":416,"date":"2020-03-14T10:22:16","date_gmt":"2020-03-14T10:22:16","guid":{"rendered":"http:\/\/www.ogrodnick.pl\/word\/?page_id=416"},"modified":"2020-03-20T12:46:41","modified_gmt":"2020-03-20T12:46:41","slug":"eukomia-wiazowata-eucommia-ulmoides","status":"publish","type":"page","link":"https:\/\/www.ogrodnick.pl\/word\/eukomia-wiazowata-eucommia-ulmoides\/","title":{"rendered":"Eukomia wi\u0105zowata (Eucommia ulmoides)"},"content":{"rendered":"\n<div class=\"wp-block-group alignfull\"><div class=\"wp-block-group__inner-container is-layout-flow wp-block-group-is-layout-flow\">\n<p>Eukomia wi\u0105zowata&nbsp;(<em>Eucommia ulmoides<\/em>)&nbsp;od setek lat tylko w uprawie, ostatnio na naturalnych stanowiskach wyst\u0119powa\u0142a w Chinach. 30 milion\u00f3w lat temu ros\u0142a w Europie &#8211; prawdziwe &#8222;drzewo z epoki dinozaur\u00f3w&#8221; \ud83d\ude42<\/p>\n<\/div><\/div>\n\n\n\n<div class=\"wp-block-columns alignfull is-layout-flex wp-container-core-columns-is-layout-9d6595d7 wp-block-columns-is-layout-flex\">\n<div class=\"wp-block-column is-layout-flow wp-block-column-is-layout-flow\">\n<p><strong>OPIS:<br><\/strong>   Drzewo do 15 metr\u00f3w wysoko\u015bci (w Polsce zapewne mniej), u m\u0142odych drzewek korona sto\u017ckowata, p\u00f3\u017aniej zaokr\u0105glona.<br>Kora z pni od tysi\u0105cleci u\u017cywana by\u0142a w medycynie chi\u0144skiej, przyczyni\u0142o si\u0119 to do ca\u0142kowitego wyt\u0119pienia eukomii w lasach &#8211; gatunek przetrwa\u0142 wy\u0142\u0105cznie w uprawie.<br>   Preparaty z eukomii stosowane s\u0105 przy chorobach w\u0105troby, nerek, nadci\u015bnieniu, przyspieszaj\u0105 zrastanie si\u0119 ko\u015bci. Wzmacnia pierwiastek\u00a0<em>yang<\/em>\u00a0w taoizmie odpowiadaj\u0105cy za m\u0119sko\u015b\u0107 i si\u0142\u0119. R\u00f3\u017cne cz\u0119\u015bci eukomii zawieraj\u0105 lateks &#8211; to w\u0142a\u015bnie mocne, jak paj\u0119czyna cienkie kauczukopodobne nitki \u0142\u0105cz\u0105 cz\u0119\u015bci li\u015bcia widocznego na zdj\u0119ciu. W owocach przypominaj\u0105cych wyd\u0142u\u017cone owoce wi\u0105zu jest go 14%, w li\u015bciach do 7 &#8211; w\u0142a\u015bnie li\u015bcie s\u0105 surowcem do przemys\u0142owego pozyskiwania lateksu.<\/p>\n<\/div>\n\n\n\n<div class=\"wp-block-column is-layout-flow wp-block-column-is-layout-flow\">\n<div class=\"wp-block-image\"><figure class=\"aligncenter size-large\"><img loading=\"lazy\" decoding=\"async\" width=\"500\" height=\"667\" src=\"https:\/\/www.ogrodnick.pl\/word\/wp-content\/uploads\/2020\/03\/eucommia_ulmoides_drzewo.jpg\" alt=\"\" class=\"wp-image-748\" srcset=\"https:\/\/www.ogrodnick.pl\/word\/wp-content\/uploads\/2020\/03\/eucommia_ulmoides_drzewo.jpg 500w, https:\/\/www.ogrodnick.pl\/word\/wp-content\/uploads\/2020\/03\/eucommia_ulmoides_drzewo-225x300.jpg 225w\" sizes=\"auto, (max-width: 500px) 100vw, 500px\" \/><\/figure><\/div>\n<\/div>\n<\/div>\n\n\n\n<div class=\"wp-block-columns alignfull is-layout-flex wp-container-core-columns-is-layout-9d6595d7 wp-block-columns-is-layout-flex\">\n<div class=\"wp-block-column is-layout-flow wp-block-column-is-layout-flow\">\n<p><strong>UPRAWA:<br><\/strong>Znosi mrozy do -35 C, niezwykle odporna na susz\u0119 i warunki miejskie. Zupe\u0142nie nie choruje, zapewne zawarto\u015b\u0107 lateksu sprawia \u017ce jest niejadalna dla wszelkich szkodnik\u00f3w. Potrzebuje s\u0142o\u0144ca, mo\u017ce rosn\u0105\u0107 na ka\u017cdej glebie &#8211; byle nie by\u0142a bardzo gliniasta lub podmok\u0142a.<\/p>\n<\/div>\n\n\n\n<div class=\"wp-block-column is-layout-flow wp-block-column-is-layout-flow\">\n<div class=\"wp-block-image\"><figure class=\"aligncenter size-large\"><img loading=\"lazy\" decoding=\"async\" width=\"500\" height=\"836\" src=\"https:\/\/www.ogrodnick.pl\/word\/wp-content\/uploads\/2020\/03\/eucommia_ulmoides_lisc.jpg\" alt=\"\" class=\"wp-image-750\" srcset=\"https:\/\/www.ogrodnick.pl\/word\/wp-content\/uploads\/2020\/03\/eucommia_ulmoides_lisc.jpg 500w, https:\/\/www.ogrodnick.pl\/word\/wp-content\/uploads\/2020\/03\/eucommia_ulmoides_lisc-179x300.jpg 179w\" sizes=\"auto, (max-width: 500px) 100vw, 500px\" \/><\/figure><\/div>\n<\/div>\n<\/div>\n\n\n\n<div class=\"wp-block-image\"><figure class=\"aligncenter size-large\"><img loading=\"lazy\" decoding=\"async\" width=\"500\" height=\"370\" src=\"https:\/\/www.ogrodnick.pl\/word\/wp-content\/uploads\/2020\/03\/eucommia_ulmoides_owoce.jpg\" alt=\"\" class=\"wp-image-751\" srcset=\"https:\/\/www.ogrodnick.pl\/word\/wp-content\/uploads\/2020\/03\/eucommia_ulmoides_owoce.jpg 500w, https:\/\/www.ogrodnick.pl\/word\/wp-content\/uploads\/2020\/03\/eucommia_ulmoides_owoce-300x222.jpg 300w\" sizes=\"auto, (max-width: 500px) 100vw, 500px\" \/><\/figure><\/div>\n","protected":false},"excerpt":{"rendered":"<p>Eukomia wi\u0105zowata&nbsp;(Eucommia ulmoides)&nbsp;od setek lat tylko w uprawie, ostatnio na naturalnych stanowiskach wyst\u0119powa\u0142a w Chinach. 30 milion\u00f3w lat temu ros\u0142a w Europie &#8211; prawdziwe &#8222;drzewo z epoki dinozaur\u00f3w&#8221; \ud83d\ude42 OPIS: Drzewo do 15 metr\u00f3w wysoko\u015bci (w Polsce zapewne mniej), u m\u0142odych drzewek korona sto\u017ckowata, p\u00f3\u017aniej zaokr\u0105glona.Kora z pni od tysi\u0105cleci u\u017cywana by\u0142a w medycynie chi\u0144skiej, [&hellip;]<\/p>\n","protected":false},"author":1,"featured_media":0,"parent":0,"menu_order":0,"comment_status":"closed","ping_status":"closed","template":"","meta":{"footnotes":""},"class_list":["post-416","page","type-page","status-publish","hentry"],"_links":{"self":[{"href":"https:\/\/www.ogrodnick.pl\/word\/wp-json\/wp\/v2\/pages\/416","targetHints":{"allow":["GET"]}}],"collection":[{"href":"https:\/\/www.ogrodnick.pl\/word\/wp-json\/wp\/v2\/pages"}],"about":[{"href":"https:\/\/www.ogrodnick.pl\/word\/wp-json\/wp\/v2\/types\/page"}],"author":[{"embeddable":true,"href":"https:\/\/www.ogrodnick.pl\/word\/wp-json\/wp\/v2\/users\/1"}],"replies":[{"embeddable":true,"href":"https:\/\/www.ogrodnick.pl\/word\/wp-json\/wp\/v2\/comments?post=416"}],"version-history":[{"count":2,"href":"https:\/\/www.ogrodnick.pl\/word\/wp-json\/wp\/v2\/pages\/416\/revisions"}],"predecessor-version":[{"id":1037,"href":"https:\/\/www.ogrodnick.pl\/word\/wp-json\/wp\/v2\/pages\/416\/revisions\/1037"}],"wp:attachment":[{"href":"https:\/\/www.ogrodnick.pl\/word\/wp-json\/wp\/v2\/media?parent=416"}],"curies":[{"name":"wp","href":"https:\/\/api.w.org\/{rel}","templated":true}]}}