{"id":415,"date":"2020-03-14T10:24:09","date_gmt":"2020-03-14T10:24:09","guid":{"rendered":"http:\/\/www.ogrodnick.pl\/word\/?page_id=415"},"modified":"2020-03-20T12:49:13","modified_gmt":"2020-03-20T12:49:13","slug":"ewodia-koreanska-euodia-evodia-daniellii","status":"publish","type":"page","link":"https:\/\/www.ogrodnick.pl\/word\/ewodia-koreanska-euodia-evodia-daniellii\/","title":{"rendered":"Ewodia korea\u0144ska (Euodia (Evodia) daniellii)"},"content":{"rendered":"\n<div class=\"wp-block-group alignfull\"><div class=\"wp-block-group__inner-container is-layout-flow wp-block-group-is-layout-flow\">\n<p>Ewodia korea\u0144ska<em> (Euodia (Evodia) daniellii<\/em>&nbsp;albo&nbsp;<em>Tetradium daniellii<\/em>)&nbsp;nazwana tak na cze\u015b\u0107 odkrywcy, Williama Freemana Daniella wyst\u0119puje w p\u00f3\u0142nocnych Chinach i w Korei.<\/p>\n<\/div><\/div>\n\n\n\n<div class=\"wp-block-columns alignfull is-layout-flex wp-container-core-columns-is-layout-9d6595d7 wp-block-columns-is-layout-flex\">\n<div class=\"wp-block-column is-layout-flow wp-block-column-is-layout-flow\">\n<p><strong>OPIS:<br><\/strong>&nbsp;&nbsp;&nbsp;W swojej ojczy\u017anie ewodia bywa nawet pi\u0119tnastometrowym drzewem z kulist\u0105 koron\u0105. W Polsce jest wysokim krzewem lub kilkumetrowym drzewkiem, cz\u0119sto wielopniowym.&nbsp;<br>&nbsp;&nbsp;&nbsp;Kwitnie bardzo d\u0142ugo w drugiej po\u0142owie lata (zwykle od ko\u0144ca lipca do wrze\u015bnia), wytwarza mn\u00f3stwo drobnych kwiatk\u00f3w skupionych w baldachy do 15 cm. \u015brednicy. Kwiaty ewodii s\u0105 bardzo nektarodajne &#8211; angielska nazwa&nbsp;<em>Bee Bee Tree<\/em>).&nbsp;<br>&nbsp;&nbsp;&nbsp; Bardzo efektowna w czasie kwitnienia, jeszcze ciekawiej wygl\u0105da gdy pojawiaj\u0105 si\u0119 owoce: najpierw s\u0105 jaskrawoczerwone, potem l\u015bni\u0105ce i czarne. Owoce pozostaj\u0105 na drzewie po opadni\u0119ciu li\u015bci &#8211; owocostany bywaj\u0105 efektownymi sk\u0142adnikami suchych bukiet\u00f3w.&nbsp;<br>&nbsp;&nbsp;&nbsp;Ewodia nale\u017cy do rodziny rutowatych &#8211; ca\u0142a pachnie, podobnie jak spokrewnione parczelina i korkowiec. \u0141aci\u0144skie s\u0142owo&nbsp;<em>euodies<\/em>&nbsp;znaczy przyjemnie pachn\u0105cy (ale to moim zdaniem rzecz gustu).<\/p>\n<\/div>\n\n\n\n<div class=\"wp-block-column is-layout-flow wp-block-column-is-layout-flow\">\n<div class=\"wp-block-image\"><figure class=\"aligncenter size-large\"><img loading=\"lazy\" decoding=\"async\" width=\"500\" height=\"367\" src=\"https:\/\/www.ogrodnick.pl\/word\/wp-content\/uploads\/2020\/03\/euodia_daniellii_drzewo.jpg\" alt=\"\" class=\"wp-image-752\" srcset=\"https:\/\/www.ogrodnick.pl\/word\/wp-content\/uploads\/2020\/03\/euodia_daniellii_drzewo.jpg 500w, https:\/\/www.ogrodnick.pl\/word\/wp-content\/uploads\/2020\/03\/euodia_daniellii_drzewo-300x220.jpg 300w\" sizes=\"auto, (max-width: 500px) 100vw, 500px\" \/><\/figure><\/div>\n<\/div>\n<\/div>\n\n\n\n<div class=\"wp-block-columns alignfull is-layout-flex wp-container-core-columns-is-layout-9d6595d7 wp-block-columns-is-layout-flex\">\n<div class=\"wp-block-column is-layout-flow wp-block-column-is-layout-flow\">\n<p><strong>UPRAWA:<\/strong>&nbsp;<br>&nbsp;&nbsp;&nbsp;Ewodie nale\u017cy sadzi\u0107 na stanowiskach s\u0142onecznych, potrzebuj\u0105 wapnia w glebie.&nbsp;<br>&nbsp;&nbsp;&nbsp;Doros\u0142e drzewa s\u0105 odporne na mrozy, mog\u0105 by\u0107 jednak uszkadzane przez p\u00f3\u017ane przymrozki. M\u0142ode ewodie s\u0105 wra\u017cliwe, mog\u0105 marzn\u0105\u0107 podczas surowych zim &#8211; wskazane jest sadzenie ro\u015blin kilkuletnich lub dok\u0142adne zabezpieczanie maluch\u00f3w.<\/p>\n<\/div>\n\n\n\n<div class=\"wp-block-column is-layout-flow wp-block-column-is-layout-flow\">\n<div class=\"wp-block-image\"><figure class=\"aligncenter size-large\"><img loading=\"lazy\" decoding=\"async\" width=\"500\" height=\"425\" src=\"https:\/\/www.ogrodnick.pl\/word\/wp-content\/uploads\/2020\/03\/euodia_daniellii_osy.jpg\" alt=\"\" class=\"wp-image-753\" srcset=\"https:\/\/www.ogrodnick.pl\/word\/wp-content\/uploads\/2020\/03\/euodia_daniellii_osy.jpg 500w, https:\/\/www.ogrodnick.pl\/word\/wp-content\/uploads\/2020\/03\/euodia_daniellii_osy-300x255.jpg 300w\" sizes=\"auto, (max-width: 500px) 100vw, 500px\" \/><\/figure><\/div>\n<\/div>\n<\/div>\n\n\n\n<div class=\"wp-block-columns alignfull is-layout-flex wp-container-core-columns-is-layout-9d6595d7 wp-block-columns-is-layout-flex\">\n<div class=\"wp-block-column is-layout-flow wp-block-column-is-layout-flow\">\n<div class=\"wp-block-image\"><figure class=\"aligncenter size-large\"><img loading=\"lazy\" decoding=\"async\" width=\"500\" height=\"380\" src=\"https:\/\/www.ogrodnick.pl\/word\/wp-content\/uploads\/2020\/03\/euodia_daniellii_owoce1.jpg\" alt=\"\" class=\"wp-image-754\" srcset=\"https:\/\/www.ogrodnick.pl\/word\/wp-content\/uploads\/2020\/03\/euodia_daniellii_owoce1.jpg 500w, https:\/\/www.ogrodnick.pl\/word\/wp-content\/uploads\/2020\/03\/euodia_daniellii_owoce1-300x228.jpg 300w\" sizes=\"auto, (max-width: 500px) 100vw, 500px\" \/><\/figure><\/div>\n<\/div>\n\n\n\n<div class=\"wp-block-column is-layout-flow wp-block-column-is-layout-flow\">\n<div class=\"wp-block-image\"><figure class=\"aligncenter size-large\"><img loading=\"lazy\" decoding=\"async\" width=\"500\" height=\"379\" src=\"https:\/\/www.ogrodnick.pl\/word\/wp-content\/uploads\/2020\/03\/euodia_daniellii_owoce2.jpg\" alt=\"\" class=\"wp-image-755\" srcset=\"https:\/\/www.ogrodnick.pl\/word\/wp-content\/uploads\/2020\/03\/euodia_daniellii_owoce2.jpg 500w, https:\/\/www.ogrodnick.pl\/word\/wp-content\/uploads\/2020\/03\/euodia_daniellii_owoce2-300x227.jpg 300w\" sizes=\"auto, (max-width: 500px) 100vw, 500px\" \/><\/figure><\/div>\n<\/div>\n<\/div>\n\n\n\n<div class=\"wp-block-image\"><figure class=\"aligncenter size-large\"><img loading=\"lazy\" decoding=\"async\" width=\"500\" height=\"372\" src=\"https:\/\/www.ogrodnick.pl\/word\/wp-content\/uploads\/2020\/03\/euodia_daniellii_owoce_dojrzale.jpg\" alt=\"\" class=\"wp-image-756\" srcset=\"https:\/\/www.ogrodnick.pl\/word\/wp-content\/uploads\/2020\/03\/euodia_daniellii_owoce_dojrzale.jpg 500w, https:\/\/www.ogrodnick.pl\/word\/wp-content\/uploads\/2020\/03\/euodia_daniellii_owoce_dojrzale-300x223.jpg 300w\" sizes=\"auto, (max-width: 500px) 100vw, 500px\" \/><\/figure><\/div>\n","protected":false},"excerpt":{"rendered":"<p>Ewodia korea\u0144ska (Euodia (Evodia) daniellii&nbsp;albo&nbsp;Tetradium daniellii)&nbsp;nazwana tak na cze\u015b\u0107 odkrywcy, Williama Freemana Daniella wyst\u0119puje w p\u00f3\u0142nocnych Chinach i w Korei. OPIS:&nbsp;&nbsp;&nbsp;W swojej ojczy\u017anie ewodia bywa nawet pi\u0119tnastometrowym drzewem z kulist\u0105 koron\u0105. W Polsce jest wysokim krzewem lub kilkumetrowym drzewkiem, cz\u0119sto wielopniowym.&nbsp;&nbsp;&nbsp;&nbsp;Kwitnie bardzo d\u0142ugo w drugiej po\u0142owie lata (zwykle od ko\u0144ca lipca do wrze\u015bnia), wytwarza mn\u00f3stwo [&hellip;]<\/p>\n","protected":false},"author":1,"featured_media":0,"parent":0,"menu_order":0,"comment_status":"closed","ping_status":"closed","template":"","meta":{"footnotes":""},"class_list":["post-415","page","type-page","status-publish","hentry"],"_links":{"self":[{"href":"https:\/\/www.ogrodnick.pl\/word\/wp-json\/wp\/v2\/pages\/415","targetHints":{"allow":["GET"]}}],"collection":[{"href":"https:\/\/www.ogrodnick.pl\/word\/wp-json\/wp\/v2\/pages"}],"about":[{"href":"https:\/\/www.ogrodnick.pl\/word\/wp-json\/wp\/v2\/types\/page"}],"author":[{"embeddable":true,"href":"https:\/\/www.ogrodnick.pl\/word\/wp-json\/wp\/v2\/users\/1"}],"replies":[{"embeddable":true,"href":"https:\/\/www.ogrodnick.pl\/word\/wp-json\/wp\/v2\/comments?post=415"}],"version-history":[{"count":2,"href":"https:\/\/www.ogrodnick.pl\/word\/wp-json\/wp\/v2\/pages\/415\/revisions"}],"predecessor-version":[{"id":1038,"href":"https:\/\/www.ogrodnick.pl\/word\/wp-json\/wp\/v2\/pages\/415\/revisions\/1038"}],"wp:attachment":[{"href":"https:\/\/www.ogrodnick.pl\/word\/wp-json\/wp\/v2\/media?parent=415"}],"curies":[{"name":"wp","href":"https:\/\/api.w.org\/{rel}","templated":true}]}}