{"id":403,"date":"2020-03-14T09:59:43","date_gmt":"2020-03-14T09:59:43","guid":{"rendered":"http:\/\/www.ogrodnick.pl\/word\/?page_id=403"},"modified":"2020-03-19T12:58:43","modified_gmt":"2020-03-19T12:58:43","slug":"deren-jadalny-deren-wlasciwy-cornus-mas","status":"publish","type":"page","link":"https:\/\/www.ogrodnick.pl\/word\/deren-jadalny-deren-wlasciwy-cornus-mas\/","title":{"rendered":"Dere\u0144 jadalny, dere\u0144 w\u0142a\u015bciwy (Cornus mas)"},"content":{"rendered":"\n<div class=\"wp-block-group alignfull\"><div class=\"wp-block-group__inner-container is-layout-flow wp-block-group-is-layout-flow\">\n<p>Dere\u0144 jadalny, dere\u0144 w\u0142a\u015bciwy<em>&nbsp;(Cornus mas)<\/em>&nbsp;wyst\u0119puje w po\u0142udniowo-wschodniej i \u015brodkowej Europie, w Azji Mniejszej i na Kaukazie. Gdy Podole by\u0142o w Polsce, by\u0142 nawet gatunkiem krajowym.<\/p>\n<\/div><\/div>\n\n\n\n<div class=\"wp-block-columns alignfull is-layout-flex wp-container-core-columns-is-layout-9d6595d7 wp-block-columns-is-layout-flex\">\n<div class=\"wp-block-column is-layout-flow wp-block-column-is-layout-flow\">\n<p><strong>OPIS:<br><\/strong>&nbsp;&nbsp;&nbsp;Krzew lub ma\u0142e drzewko, najstarsze (ok 200 lat) osi\u0105gaj\u0105 10-12 metr\u00f3w wysoko\u015bci.<br>&nbsp;&nbsp;&nbsp;Dere\u0144 jadalny przez wieki by\u0142 cenionym krzewem owocowym. Ciemnoczerwone owoce kszta\u0142tu \u015bliwki maj\u0105 2-2,5 cm. d\u0142ugo\u015bci, s\u0105 doskona\u0142ym surowcem na kompoty, d\u017cemy, wina i nalewki (dereni\u00f3wka). Dojrza\u0142e, prawie czarne i bardzo mi\u0119kkie s\u0105 bardzo smaczne na surowo.<br>&nbsp;&nbsp;&nbsp;Tak o dereniu pisano przed dwustu laty:&nbsp;<em>&#8222;Sma\u017cy si\u0119 w cukrze lub miodzie na konfitur\u0119. T\u0142oczony, daje trunek dereniakiem zwany na Podolu, a do wina wielce podobny, kt\u00f3ry lat kilka w piwnicy chowa\u0107 si\u0119 mo\u017ce: owoc ten, odgotowany i nasolony, tak doskonale zast\u0119puje oliwki, \u017ceby\u015bmy si\u0119 bez nich wy\u015bmienicie obej\u015b\u0107 mogli. Dodaj\u0105 do tej marynaty cz\u0105ber i bobkowe li\u015bcie.&#8221;<\/em><br>&nbsp;&nbsp;&nbsp;Opr\u00f3cz walor\u00f3w kulinarnych posiada dere\u0144 walory zdobnicze. Wczesn\u0105 wiosn\u0105 (zwykle w marcu) krzewy s\u0105 obsypane mn\u00f3stwem \u017c\u00f3\u0142tych kwiatk\u00f3w. Przez ca\u0142y okres wegetacji zdobi\u0105 go l\u015bni\u0105ce li\u015bcie, w jesieni przebarwiaj\u0105ce si\u0119 zwykle na purpurowo. Latem pi\u0119knie w\u015br\u00f3d zielonych li\u015bci prezentuj\u0105 si\u0119 dojrzewaj\u0105ce jaskrawoczerwone owoce.&nbsp;<br>&nbsp;&nbsp;&nbsp;Drewno derenia w\u0142a\u015bciwego jest&nbsp;bardzo twarde&nbsp; (st\u0105d \u0142aci\u0144ska nazwa dereni &#8211;&nbsp;<em>Cornus<\/em>&nbsp;czyli r\u00f3g). Dawno temu robiono z niego p\u0142ugi, osie, cepy itp.<\/p>\n<\/div>\n\n\n\n<div class=\"wp-block-column is-layout-flow wp-block-column-is-layout-flow\">\n<div class=\"wp-block-image\"><figure class=\"aligncenter size-large\"><img loading=\"lazy\" decoding=\"async\" width=\"480\" height=\"336\" src=\"https:\/\/www.ogrodnick.pl\/word\/wp-content\/uploads\/2020\/03\/cornus_mas_owocujacy.jpg\" alt=\"\" class=\"wp-image-709\" srcset=\"https:\/\/www.ogrodnick.pl\/word\/wp-content\/uploads\/2020\/03\/cornus_mas_owocujacy.jpg 480w, https:\/\/www.ogrodnick.pl\/word\/wp-content\/uploads\/2020\/03\/cornus_mas_owocujacy-300x210.jpg 300w\" sizes=\"auto, (max-width: 480px) 100vw, 480px\" \/><\/figure><\/div>\n<\/div>\n<\/div>\n\n\n\n<div class=\"wp-block-columns alignfull is-layout-flex wp-container-core-columns-is-layout-9d6595d7 wp-block-columns-is-layout-flex\">\n<div class=\"wp-block-column is-layout-flow wp-block-column-is-layout-flow\">\n<p><strong>UPRAWA:<\/strong><br>&nbsp;&nbsp;&nbsp;Mo\u017ce rosn\u0105\u0107 na praktycznie ka\u017cdej glebie i ka\u017cdym stanowisku. Lepiej (jak prawie wszystko) ro\u015bnie na glebach \u017cyznych, je\u015bli ma by\u0107 drzewkiem owocowym sadzi\u0107 derenia nale\u017cy na stanowisku s\u0142onecznym.<br>&nbsp;&nbsp;&nbsp; Gdy podczas kwitnienia nast\u0105pi d\u0142ugotrwa\u0142e och\u0142odzenie, dere\u0144 jadalny potrafi zapyli\u0107 si\u0119 bez rozwijania p\u0105czk\u00f3w, jednak najobficiej owocuj\u0105 zapylane krzy\u017cowo, py\u0142kiem z innego egzemplarza.<br>&nbsp;&nbsp;&nbsp;Odporny na mrozy, susz\u0119 i zanieczyszczenia.&nbsp;<br>&nbsp;&nbsp;&nbsp;Doskonale znosi ci\u0119cie (nie mo\u017cna ci\u0105\u0107 wczesn\u0105 wiosn\u0105, bardzo &#8222;p\u0142acze&#8221;) &#8211; pi\u0119kne, kwitn\u0105ce i owocuj\u0105ce \u017cywop\u0142oty.<\/p>\n<\/div>\n\n\n\n<div class=\"wp-block-column is-layout-flow wp-block-column-is-layout-flow\">\n<div class=\"wp-block-image\"><figure class=\"aligncenter size-large\"><img loading=\"lazy\" decoding=\"async\" width=\"480\" height=\"353\" src=\"https:\/\/www.ogrodnick.pl\/word\/wp-content\/uploads\/2020\/03\/cornus_mas_kwiaty.jpg\" alt=\"\" class=\"wp-image-707\" srcset=\"https:\/\/www.ogrodnick.pl\/word\/wp-content\/uploads\/2020\/03\/cornus_mas_kwiaty.jpg 480w, https:\/\/www.ogrodnick.pl\/word\/wp-content\/uploads\/2020\/03\/cornus_mas_kwiaty-300x221.jpg 300w\" sizes=\"auto, (max-width: 480px) 100vw, 480px\" \/><\/figure><\/div>\n<\/div>\n<\/div>\n\n\n\n<div class=\"wp-block-image\"><figure class=\"aligncenter size-large\"><img loading=\"lazy\" decoding=\"async\" width=\"480\" height=\"443\" src=\"https:\/\/www.ogrodnick.pl\/word\/wp-content\/uploads\/2020\/03\/cornus_mas_owoce1.jpg\" alt=\"\" class=\"wp-image-708\" srcset=\"https:\/\/www.ogrodnick.pl\/word\/wp-content\/uploads\/2020\/03\/cornus_mas_owoce1.jpg 480w, https:\/\/www.ogrodnick.pl\/word\/wp-content\/uploads\/2020\/03\/cornus_mas_owoce1-300x277.jpg 300w\" sizes=\"auto, (max-width: 480px) 100vw, 480px\" \/><\/figure><\/div>\n","protected":false},"excerpt":{"rendered":"<p>Dere\u0144 jadalny, dere\u0144 w\u0142a\u015bciwy&nbsp;(Cornus mas)&nbsp;wyst\u0119puje w po\u0142udniowo-wschodniej i \u015brodkowej Europie, w Azji Mniejszej i na Kaukazie. Gdy Podole by\u0142o w Polsce, by\u0142 nawet gatunkiem krajowym. OPIS:&nbsp;&nbsp;&nbsp;Krzew lub ma\u0142e drzewko, najstarsze (ok 200 lat) osi\u0105gaj\u0105 10-12 metr\u00f3w wysoko\u015bci.&nbsp;&nbsp;&nbsp;Dere\u0144 jadalny przez wieki by\u0142 cenionym krzewem owocowym. Ciemnoczerwone owoce kszta\u0142tu \u015bliwki maj\u0105 2-2,5 cm. d\u0142ugo\u015bci, s\u0105 doskona\u0142ym surowcem [&hellip;]<\/p>\n","protected":false},"author":1,"featured_media":0,"parent":0,"menu_order":0,"comment_status":"closed","ping_status":"closed","template":"","meta":{"footnotes":""},"class_list":["post-403","page","type-page","status-publish","hentry"],"_links":{"self":[{"href":"https:\/\/www.ogrodnick.pl\/word\/wp-json\/wp\/v2\/pages\/403","targetHints":{"allow":["GET"]}}],"collection":[{"href":"https:\/\/www.ogrodnick.pl\/word\/wp-json\/wp\/v2\/pages"}],"about":[{"href":"https:\/\/www.ogrodnick.pl\/word\/wp-json\/wp\/v2\/types\/page"}],"author":[{"embeddable":true,"href":"https:\/\/www.ogrodnick.pl\/word\/wp-json\/wp\/v2\/users\/1"}],"replies":[{"embeddable":true,"href":"https:\/\/www.ogrodnick.pl\/word\/wp-json\/wp\/v2\/comments?post=403"}],"version-history":[{"count":2,"href":"https:\/\/www.ogrodnick.pl\/word\/wp-json\/wp\/v2\/pages\/403\/revisions"}],"predecessor-version":[{"id":1033,"href":"https:\/\/www.ogrodnick.pl\/word\/wp-json\/wp\/v2\/pages\/403\/revisions\/1033"}],"wp:attachment":[{"href":"https:\/\/www.ogrodnick.pl\/word\/wp-json\/wp\/v2\/media?parent=403"}],"curies":[{"name":"wp","href":"https:\/\/api.w.org\/{rel}","templated":true}]}}