{"id":385,"date":"2020-03-14T09:35:38","date_gmt":"2020-03-14T09:35:38","guid":{"rendered":"http:\/\/www.ogrodnick.pl\/word\/?page_id=385"},"modified":"2020-03-23T10:35:25","modified_gmt":"2020-03-23T10:35:25","slug":"straczyn-zolty-cladrastis-lutea","status":"publish","type":"page","link":"https:\/\/www.ogrodnick.pl\/word\/straczyn-zolty-cladrastis-lutea\/","title":{"rendered":"Str\u0105czyn \u017c\u00f3\u0142ty (Cladrastis lutea)"},"content":{"rendered":"\n<div class=\"wp-block-group alignfull\"><div class=\"wp-block-group__inner-container is-layout-flow wp-block-group-is-layout-flow\">\n<p>Str\u0105czyn \u017c\u00f3\u0142ty&nbsp;<em>(Cladrastis lutea<\/em>) w naturze wyst\u0119puje w Stanach zjednoczonych &#8211; na bardzo ma\u0142ym obszarze g\u0142\u00f3wnie w stanie Kentucky. Jest pod \u015bcis\u0142\u0105 ochron\u0105.<\/p>\n<\/div><\/div>\n\n\n\n<div class=\"wp-block-columns alignfull is-layout-flex wp-container-core-columns-is-layout-9d6595d7 wp-block-columns-is-layout-flex\">\n<div class=\"wp-block-column is-layout-flow wp-block-column-is-layout-flow\">\n<p><strong>OPIS:<br><\/strong>&nbsp;&nbsp;&nbsp;W ojczy\u017anie osi\u0105ga 20, w Polsce zwykle niewiele ponad 10 metr\u00f3w wysoko\u015bci. Korona nisko osadzona, u m\u0142odych drzew zaokr\u0105glona, potem sp\u0142aszczona.&nbsp;<br>&nbsp;&nbsp;&nbsp;Najefektowniej str\u0105czyny wygl\u0105daj\u0105 podczas kwitnienia, w czerwcu. Pi\u0119knie pachn\u0105ce, miododajne 2,5-centymetrowe kwiatki tworz\u0105 szerokie, 40-centymetrowej d\u0142ugo\u015bci wiechy.&nbsp;<br>&nbsp;&nbsp;&nbsp;Jesieni\u0105 30-centymetrowe li\u015bcie wspaniale przebarwiaj\u0105 si\u0119 na \u017c\u00f3\u0142to i pomara\u0144czowo.&nbsp;<\/p>\n<\/div>\n\n\n\n<div class=\"wp-block-column is-layout-flow wp-block-column-is-layout-flow\">\n<div class=\"wp-block-image\"><figure class=\"aligncenter size-large\"><img loading=\"lazy\" decoding=\"async\" width=\"500\" height=\"391\" src=\"https:\/\/www.ogrodnick.pl\/word\/wp-content\/uploads\/2020\/03\/cladrastis_lutea_jesien.jpg\" alt=\"\" class=\"wp-image-678\" srcset=\"https:\/\/www.ogrodnick.pl\/word\/wp-content\/uploads\/2020\/03\/cladrastis_lutea_jesien.jpg 500w, https:\/\/www.ogrodnick.pl\/word\/wp-content\/uploads\/2020\/03\/cladrastis_lutea_jesien-300x235.jpg 300w\" sizes=\"auto, (max-width: 500px) 100vw, 500px\" \/><\/figure><\/div>\n<\/div>\n<\/div>\n\n\n\n<div class=\"wp-block-columns alignfull is-layout-flex wp-container-core-columns-is-layout-9d6595d7 wp-block-columns-is-layout-flex\">\n<div class=\"wp-block-column is-layout-flow wp-block-column-is-layout-flow\">\n<p><strong>UPRAWA:<\/strong><br>&nbsp;&nbsp;&nbsp;M\u0142ode str\u0105czyny s\u0105 troch\u0119 wra\u017cliwe, doros\u0142e zupe\u0142nie odporne na mrozy.&nbsp;<br>&nbsp;&nbsp;&nbsp;Wymagaj\u0105 stanowisk s\u0142onecznych, os\u0142oni\u0119tych od wiatru (kruche drewno) i gleby zawieraj\u0105cej wap\u0144. Rosn\u0105 bardzo powoli.&nbsp;<br>&nbsp;&nbsp;&nbsp;Na glebach suchych i ja\u0142owych sadzi\u0107 str\u0105czyn\u00f3w nie warto. <\/p>\n<\/div>\n\n\n\n<div class=\"wp-block-column is-layout-flow wp-block-column-is-layout-flow\">\n<div class=\"wp-block-image\"><figure class=\"aligncenter size-large\"><img loading=\"lazy\" decoding=\"async\" width=\"500\" height=\"351\" src=\"https:\/\/www.ogrodnick.pl\/word\/wp-content\/uploads\/2020\/03\/cladrastis_lutea_kwitnace.jpg\" alt=\"\" class=\"wp-image-680\" srcset=\"https:\/\/www.ogrodnick.pl\/word\/wp-content\/uploads\/2020\/03\/cladrastis_lutea_kwitnace.jpg 500w, https:\/\/www.ogrodnick.pl\/word\/wp-content\/uploads\/2020\/03\/cladrastis_lutea_kwitnace-300x211.jpg 300w\" sizes=\"auto, (max-width: 500px) 100vw, 500px\" \/><\/figure><\/div>\n<\/div>\n<\/div>\n\n\n\n<div class=\"wp-block-image\"><figure class=\"aligncenter size-large\"><img loading=\"lazy\" decoding=\"async\" width=\"500\" height=\"469\" src=\"https:\/\/www.ogrodnick.pl\/word\/wp-content\/uploads\/2020\/03\/cladrastis_lutea_kwiatki.jpg\" alt=\"\" class=\"wp-image-679\" srcset=\"https:\/\/www.ogrodnick.pl\/word\/wp-content\/uploads\/2020\/03\/cladrastis_lutea_kwiatki.jpg 500w, https:\/\/www.ogrodnick.pl\/word\/wp-content\/uploads\/2020\/03\/cladrastis_lutea_kwiatki-300x281.jpg 300w\" sizes=\"auto, (max-width: 500px) 100vw, 500px\" \/><\/figure><\/div>\n","protected":false},"excerpt":{"rendered":"<p>Str\u0105czyn \u017c\u00f3\u0142ty&nbsp;(Cladrastis lutea) w naturze wyst\u0119puje w Stanach zjednoczonych &#8211; na bardzo ma\u0142ym obszarze g\u0142\u00f3wnie w stanie Kentucky. Jest pod \u015bcis\u0142\u0105 ochron\u0105. OPIS:&nbsp;&nbsp;&nbsp;W ojczy\u017anie osi\u0105ga 20, w Polsce zwykle niewiele ponad 10 metr\u00f3w wysoko\u015bci. Korona nisko osadzona, u m\u0142odych drzew zaokr\u0105glona, potem sp\u0142aszczona.&nbsp;&nbsp;&nbsp;&nbsp;Najefektowniej str\u0105czyny wygl\u0105daj\u0105 podczas kwitnienia, w czerwcu. Pi\u0119knie pachn\u0105ce, miododajne 2,5-centymetrowe kwiatki tworz\u0105 [&hellip;]<\/p>\n","protected":false},"author":1,"featured_media":0,"parent":0,"menu_order":0,"comment_status":"closed","ping_status":"closed","template":"","meta":{"footnotes":""},"class_list":["post-385","page","type-page","status-publish","hentry"],"_links":{"self":[{"href":"https:\/\/www.ogrodnick.pl\/word\/wp-json\/wp\/v2\/pages\/385","targetHints":{"allow":["GET"]}}],"collection":[{"href":"https:\/\/www.ogrodnick.pl\/word\/wp-json\/wp\/v2\/pages"}],"about":[{"href":"https:\/\/www.ogrodnick.pl\/word\/wp-json\/wp\/v2\/types\/page"}],"author":[{"embeddable":true,"href":"https:\/\/www.ogrodnick.pl\/word\/wp-json\/wp\/v2\/users\/1"}],"replies":[{"embeddable":true,"href":"https:\/\/www.ogrodnick.pl\/word\/wp-json\/wp\/v2\/comments?post=385"}],"version-history":[{"count":2,"href":"https:\/\/www.ogrodnick.pl\/word\/wp-json\/wp\/v2\/pages\/385\/revisions"}],"predecessor-version":[{"id":1101,"href":"https:\/\/www.ogrodnick.pl\/word\/wp-json\/wp\/v2\/pages\/385\/revisions\/1101"}],"wp:attachment":[{"href":"https:\/\/www.ogrodnick.pl\/word\/wp-json\/wp\/v2\/media?parent=385"}],"curies":[{"name":"wp","href":"https:\/\/api.w.org\/{rel}","templated":true}]}}