{"id":382,"date":"2020-03-14T09:28:47","date_gmt":"2020-03-14T09:28:47","guid":{"rendered":"http:\/\/www.ogrodnick.pl\/word\/?page_id=382"},"modified":"2020-03-20T12:54:40","modified_gmt":"2020-03-20T12:54:40","slug":"grujecznik-japonski-cercidiphyllum-japonicum","status":"publish","type":"page","link":"https:\/\/www.ogrodnick.pl\/word\/grujecznik-japonski-cercidiphyllum-japonicum\/","title":{"rendered":"Grujecznik japo\u0144ski (Cercidiphyllum japonicum)"},"content":{"rendered":"\n<div class=\"wp-block-group alignfull\"><div class=\"wp-block-group__inner-container is-layout-flow wp-block-group-is-layout-flow\">\n<p>Grujecznik japo\u0144ski&nbsp;<em>(Cercidiphyllum japonicum)<\/em>&nbsp; pochodzi, jak sama nazwa wskazuje, z Japonii.<\/p>\n<\/div><\/div>\n\n\n\n<div class=\"wp-block-columns alignfull is-layout-flex wp-container-core-columns-is-layout-9d6595d7 wp-block-columns-is-layout-flex\">\n<div class=\"wp-block-column is-layout-flow wp-block-column-is-layout-flow\">\n<p><strong>OPIS:<br><\/strong>&nbsp;&nbsp;&nbsp;Najwy\u017csze w Polsce grujeczniki osi\u0105gaj\u0105 20 metr\u00f3w wysoko\u015bci, ale zwykle pozostaj\u0105 drzewkami kilkumetrowymi, cz\u0119sto s\u0105 wielopniowe.&nbsp;<br>&nbsp;&nbsp;&nbsp;Grujeczniki s\u0105 pi\u0119kne o ka\u017cdej porze roku. Przed rozwojem li\u015bci ga\u0142\u0105zki pokrywaj\u0105 si\u0119 mgie\u0142k\u0105 drobnych czerwonawych kwiatk\u00f3w. Rozwijaj\u0105ce si\u0119 grujecznikowe listki s\u0105 czerwonobr\u0105zowe i fioletowe, w pe\u0142ni wegetacji li\u015bcie maj\u0105 odcie\u0144 niebieskawy. Jesieni\u0105 grujeczniki przebarwiaj\u0105 si\u0119 na jaskrawe kolory &#8211; od \u017c\u00f3\u0142tego do czerwonego (odcienie czerwonego przewa\u017caj\u0105 zwykle na glebach kwa\u015bnych).&nbsp;<br>&nbsp;&nbsp;&nbsp;Wi\u0119dn\u0105ce lub opadaj\u0105ce li\u015bcie grujecznika wydzielaj\u0105 intensywn\u0105 wo\u0144 piernik\u00f3w &#8211; od tego wzi\u0119\u0142a si\u0119 niemiecka nazwa &#8222;Japanischer Kuchenbaum&#8221; czyli &#8222;japo\u0144skie drzewo ciastkowe&#8221;.&nbsp;<br>&nbsp;&nbsp;&nbsp;Pokr\u00f3j i wygl\u0105d grujecznik\u00f3w zale\u017cy bardzo od stanowiska na jakim rosn\u0105. W s\u0142o\u0144cu maj\u0105 mniejsze li\u015bcie, sko\u015bnie wzniesione ga\u0142\u0119zie i regularn\u0105 sto\u017ckow\u0105 koron\u0119. W miejscach ocienionych li\u015bcie s\u0105 wi\u0119ksze, d\u0142ugie ga\u0142\u0105zki przewisaj\u0105.&nbsp;<br>&nbsp;&nbsp;&nbsp;Bardzo dobrze znosi przycinanie, mo\u017cna z niego tworzy\u0107 pi\u0119kne \u017cywop\u0142oty.&nbsp;<\/p>\n<\/div>\n\n\n\n<div class=\"wp-block-column is-layout-flow wp-block-column-is-layout-flow\">\n<figure class=\"wp-block-image size-large\"><img loading=\"lazy\" decoding=\"async\" width=\"499\" height=\"604\" src=\"https:\/\/www.ogrodnick.pl\/word\/wp-content\/uploads\/2020\/03\/cercidiphyllum_japonicum_duzy_cien-1.jpg\" alt=\"\" class=\"wp-image-666\" srcset=\"https:\/\/www.ogrodnick.pl\/word\/wp-content\/uploads\/2020\/03\/cercidiphyllum_japonicum_duzy_cien-1.jpg 499w, https:\/\/www.ogrodnick.pl\/word\/wp-content\/uploads\/2020\/03\/cercidiphyllum_japonicum_duzy_cien-1-248x300.jpg 248w\" sizes=\"auto, (max-width: 499px) 100vw, 499px\" \/><\/figure>\n<\/div>\n<\/div>\n\n\n\n<div class=\"wp-block-columns alignfull is-layout-flex wp-container-core-columns-is-layout-9d6595d7 wp-block-columns-is-layout-flex\">\n<div class=\"wp-block-column is-layout-flow wp-block-column-is-layout-flow\">\n<p><strong>UPRAWA:<\/strong>&nbsp;<br>&nbsp;&nbsp;&nbsp;Odporny na mrozy, czasem cierpi od majowych przymrozk\u00f3w (marzn\u0105 m\u0142ode listki).&nbsp;<br>&nbsp;&nbsp;&nbsp;Doskonale ro\u015bnie nawet w g\u0142\u0119bokim cieniu. Je\u015bli ma rosn\u0105\u0107 na stanowisku s\u0142onecznym, to gleba powinna by\u0107 wilgotna. Na suchej i ubogiej ro\u015bnie s\u0142abo, ma drobne li\u015bcie, cz\u0119sto gubi je ju\u017c w ko\u0144cu sierpnia.&nbsp;<br>&nbsp;&nbsp;&nbsp;Nie lubi przesadzania.&nbsp;<\/p>\n<\/div>\n\n\n\n<div class=\"wp-block-column is-layout-flow wp-block-column-is-layout-flow\">\n<div class=\"wp-block-image\"><figure class=\"aligncenter size-large\"><img loading=\"lazy\" decoding=\"async\" width=\"500\" height=\"398\" src=\"https:\/\/www.ogrodnick.pl\/word\/wp-content\/uploads\/2020\/03\/cercidiphyllum_japonicum_listek-1.jpg\" alt=\"\" class=\"wp-image-667\" srcset=\"https:\/\/www.ogrodnick.pl\/word\/wp-content\/uploads\/2020\/03\/cercidiphyllum_japonicum_listek-1.jpg 500w, https:\/\/www.ogrodnick.pl\/word\/wp-content\/uploads\/2020\/03\/cercidiphyllum_japonicum_listek-1-300x239.jpg 300w\" sizes=\"auto, (max-width: 500px) 100vw, 500px\" \/><\/figure><\/div>\n<\/div>\n<\/div>\n\n\n\n<div class=\"wp-block-image\"><figure class=\"aligncenter size-large\"><img loading=\"lazy\" decoding=\"async\" width=\"500\" height=\"812\" src=\"https:\/\/www.ogrodnick.pl\/word\/wp-content\/uploads\/2020\/03\/cercidiphyllum_japonicum_slonce_wrzesien.jpg\" alt=\"\" class=\"wp-image-669\" srcset=\"https:\/\/www.ogrodnick.pl\/word\/wp-content\/uploads\/2020\/03\/cercidiphyllum_japonicum_slonce_wrzesien.jpg 500w, https:\/\/www.ogrodnick.pl\/word\/wp-content\/uploads\/2020\/03\/cercidiphyllum_japonicum_slonce_wrzesien-185x300.jpg 185w\" sizes=\"auto, (max-width: 500px) 100vw, 500px\" \/><\/figure><\/div>\n","protected":false},"excerpt":{"rendered":"<p>Grujecznik japo\u0144ski&nbsp;(Cercidiphyllum japonicum)&nbsp; pochodzi, jak sama nazwa wskazuje, z Japonii. OPIS:&nbsp;&nbsp;&nbsp;Najwy\u017csze w Polsce grujeczniki osi\u0105gaj\u0105 20 metr\u00f3w wysoko\u015bci, ale zwykle pozostaj\u0105 drzewkami kilkumetrowymi, cz\u0119sto s\u0105 wielopniowe.&nbsp;&nbsp;&nbsp;&nbsp;Grujeczniki s\u0105 pi\u0119kne o ka\u017cdej porze roku. Przed rozwojem li\u015bci ga\u0142\u0105zki pokrywaj\u0105 si\u0119 mgie\u0142k\u0105 drobnych czerwonawych kwiatk\u00f3w. Rozwijaj\u0105ce si\u0119 grujecznikowe listki s\u0105 czerwonobr\u0105zowe i fioletowe, w pe\u0142ni wegetacji li\u015bcie maj\u0105 [&hellip;]<\/p>\n","protected":false},"author":1,"featured_media":0,"parent":0,"menu_order":0,"comment_status":"closed","ping_status":"closed","template":"","meta":{"footnotes":""},"class_list":["post-382","page","type-page","status-publish","hentry"],"_links":{"self":[{"href":"https:\/\/www.ogrodnick.pl\/word\/wp-json\/wp\/v2\/pages\/382","targetHints":{"allow":["GET"]}}],"collection":[{"href":"https:\/\/www.ogrodnick.pl\/word\/wp-json\/wp\/v2\/pages"}],"about":[{"href":"https:\/\/www.ogrodnick.pl\/word\/wp-json\/wp\/v2\/types\/page"}],"author":[{"embeddable":true,"href":"https:\/\/www.ogrodnick.pl\/word\/wp-json\/wp\/v2\/users\/1"}],"replies":[{"embeddable":true,"href":"https:\/\/www.ogrodnick.pl\/word\/wp-json\/wp\/v2\/comments?post=382"}],"version-history":[{"count":2,"href":"https:\/\/www.ogrodnick.pl\/word\/wp-json\/wp\/v2\/pages\/382\/revisions"}],"predecessor-version":[{"id":1040,"href":"https:\/\/www.ogrodnick.pl\/word\/wp-json\/wp\/v2\/pages\/382\/revisions\/1040"}],"wp:attachment":[{"href":"https:\/\/www.ogrodnick.pl\/word\/wp-json\/wp\/v2\/media?parent=382"}],"curies":[{"name":"wp","href":"https:\/\/api.w.org\/{rel}","templated":true}]}}