{"id":362,"date":"2020-03-05T12:25:35","date_gmt":"2020-03-05T12:25:35","guid":{"rendered":"http:\/\/www.ogrodnick.pl\/word\/?page_id=362"},"modified":"2020-04-14T19:23:21","modified_gmt":"2020-04-14T19:23:21","slug":"urodlin-trojlatkowy-asimina-triloba","status":"publish","type":"page","link":"https:\/\/www.ogrodnick.pl\/word\/urodlin-trojlatkowy-asimina-triloba\/","title":{"rendered":"Urodlin tr\u00f3j\u0142atkowy (Asimina triloba)"},"content":{"rendered":"\n<div class=\"wp-block-group alignfull\"><div class=\"wp-block-group__inner-container is-layout-flow wp-block-group-is-layout-flow\">\n<p>Urodlin tr\u00f3j\u0142atkowy&nbsp;<em>(Asimina triloba)<\/em> ro\u015bnie na wschodzie Ameryki P\u00f3\u0142nocnej, od Ontario w Kanadzie po Floryd\u0119.<\/p>\n<\/div><\/div>\n\n\n\n<div class=\"wp-block-columns alignfull is-layout-flex wp-container-core-columns-is-layout-9d6595d7 wp-block-columns-is-layout-flex\">\n<div class=\"wp-block-column is-layout-flow wp-block-column-is-layout-flow\">\n<p><strong>OPIS:<br><\/strong>\u00a0\u00a0\u00a0Urodlin tr\u00f3j\u0142atkowy to bardzo wolno rosn\u0105cy wysoki krzew lub niewielkie, do 10 m wysoko\u015bci (w lasach mo\u017ce by\u0107 wy\u017cszy), drzewko z koron\u0105 sto\u017ckowat\u0105 w m\u0142odo\u015bci, a potem zaokr\u0105glon\u0105. W Ameryce znany pod wieloma nazwami :\u00a0<em>False banana, pawpaw apple, custard apple, custard banana, poor man`s banana, banana tree, Indiana banana, Nebraska banana, Hoosier banana, Michigan banana, white plum<\/em>, jest tam w licznych odmianach uprawiany jako drzewo owocowe. Owoce urodlinu to wielkie jagody &#8211; maj\u0105 8-15 cm d\u0142ugo\u015bci, cie\u0144sze przypominaj\u0105 kszta\u0142tem kr\u00f3tkie banany, te bardziej p\u0119kate wygl\u0105daj\u0105 jak mango. Dojrza\u0142e owoce maj\u0105 br\u0105zow\u0105 cienk\u0105 sk\u00f3rk\u0119, a w \u015brodku mi\u0119kki, s\u0142odki i aromatyczny mi\u0105\u017csz. W ojczy\u017anie owocuj\u0105 ju\u017c ma\u0142e, sze\u015bcioletnie, u nas p\u00f3\u017aniej &#8211; po kilkunastu latach.\u00a0<br>\u00a0\u00a0\u00a0Owoc\u00f3w urodlinu w sklepie nie kupimy gdy\u017c dojrza\u0142e s\u0105 bardzo delikatne, \u017ale znosz\u0105 transport, w lod\u00f3wce mo\u017cna je przechowa\u0107 najwy\u017cej kilka dni.Amatorzy musz\u0105 je sobie wyhodowa\u0107 we w\u0142asnym ogr\u00f3dku.\u00a0<br>\u00a0\u00a0\u00a0 Walory urodlinu jako drzewa owocowego w naszym klimacie wymagaj\u0105 sprawdzenia (jest u nas praktycznie nieznany), nie ulega za to w\u0105tpliwo\u015bci, \u017ce jest pi\u0119knym drzewkiem ozdobnym. U\u0142o\u017cone wachlarzowato, prawie pionowo zwisaj\u0105ce ciemnozielone li\u015bcie maj\u0105 do 30 centymetr\u00f3w d\u0142ugo\u015bci, jesieni\u0105 pi\u0119knie przebarwiaj\u0105 si\u0119 na \u017c\u00f3\u0142to.<br>\u00a0\u00a0\u00a0 Niezwyk\u0142e s\u0105 kwiaty urodlinu &#8211; dzwonkowate, maj\u0105 do 5 cm \u015brednicy, zbudowane s\u0105 z trzech rz\u0119d\u00f3w p\u0142atk\u00f3w. Zewn\u0119trzne p\u0142atki s\u0105 najwi\u0119ksze, grube i mi\u0119siste, najpierw s\u0105 zielonkawe, potem zmieniaj\u0105 kolor na br\u0105zowy i czerwonofioletowy. Najpierw dojrzewaj\u0105 s\u0142upki, dopiero po pewnym czasie pylniki, dlatego samotne asiminy owocuj\u0105 s\u0142abiej &#8211; wskazane jest sadzenie wi\u0119cej ni\u017c jednego drzewka r\u00f3\u017cnych odmian aby mia\u0142y kwiaty w r\u00f3\u017cnym stadium rozwoju. W ojczy\u017anie asiminy zapylane s\u0105 przez nocne owady, nasze \u0107my nie zawsze wiedz\u0105 jak to si\u0119 robi, jednak znakomite rezultaty daje r\u0119czne zapylanie przy pomocy mi\u0119kkiego p\u0119dzelka.\u00a0<br>\u00a0\u00a0\u00a0Urodliny s\u0105 bardzo atrakcyjne dla kolekcjoner\u00f3w zapach\u00f3w. Roztarte li\u015bcie pachn\u0105&#8230; asfaltem(!) a z\u0142amane ga\u0142\u0105zki&#8230; fekaliami(!!!). Oczywi\u015bcie kaleczy\u0107 drzewek bez potrzeby nie nale\u017cy.\u00a0<br>\u00a0\u00a0\u00a0Od wiek\u00f3w urodlin w celach leczniczych wykorzystywali indianie, wsp\u00f3\u0142cze\u015bnie zidentyfikowano w urodlinie wiele substancji kt\u00f3re nie wyst\u0119puj\u0105 nigdzie indziej a maj\u0105 m. in. silne dzia\u0142anie przeciwnowotworowe i antywirusowe.\u00a0<\/p>\n<\/div>\n\n\n\n<div class=\"wp-block-column is-layout-flow wp-block-column-is-layout-flow\">\n<div class=\"wp-block-image\"><figure class=\"aligncenter size-large\"><img loading=\"lazy\" decoding=\"async\" width=\"500\" height=\"709\" src=\"https:\/\/www.ogrodnick.pl\/word\/wp-content\/uploads\/2020\/03\/Asimina_drzewko_lato500-1.jpg\" alt=\"\" class=\"wp-image-604\" srcset=\"https:\/\/www.ogrodnick.pl\/word\/wp-content\/uploads\/2020\/03\/Asimina_drzewko_lato500-1.jpg 500w, https:\/\/www.ogrodnick.pl\/word\/wp-content\/uploads\/2020\/03\/Asimina_drzewko_lato500-1-212x300.jpg 212w\" sizes=\"auto, (max-width: 500px) 100vw, 500px\" \/><\/figure><\/div>\n<\/div>\n<\/div>\n\n\n\n<div class=\"wp-block-columns alignfull is-layout-flex wp-container-core-columns-is-layout-9d6595d7 wp-block-columns-is-layout-flex\">\n<div class=\"wp-block-column is-layout-flow wp-block-column-is-layout-flow\">\n<p><strong>UPRAWA:<\/strong><br>&nbsp;&nbsp;&nbsp;Wbrew temu co podaj\u0105 praktycznie wszystkie polskoj\u0119zyczne \u017ar\u00f3d\u0142a m\u0142ode urodliny&nbsp;nie mog\u0105 rosn\u0105\u0107 na stanowiskach s\u0142onecznych, przez kilka pierwszych lat&nbsp;musz\u0105 by\u0107 ocienione. Owszem, lubi\u0105 ciep\u0142o, ale nie znosz\u0105 du\u017cego nat\u0119\u017cenia \u015bwiat\u0142a. W pe\u0142nym s\u0142o\u0144cu li\u015bcie bledn\u0105, nie asymiluj\u0105 i ma\u0142e ro\u015bliny zamieraj\u0105. W\u0142a\u015bnie to a nie zimowe mrozy jest g\u0142\u00f3wn\u0105 przyczyn\u0105 niepowodzenia w uprawie urodlin\u00f3w w Polsce. U mnie (na wschodzie, 130 km. od granicy z Bia\u0142orusi\u0105), podczas ostatnich zim od mrozu urodlin nie ucierpia\u0142 ani razu (-32 by\u0142o zim\u0105 w 2010 roku). Jedyne szkody zimowe to z\u0142amania cienkich p\u0119d\u00f3w przez osiadaj\u0105cy zaskorupia\u0142y \u015bnieg. Kilkuletnie znosz\u0105 s\u0142o\u0144ce, ale w p\u00f3\u0142cieniu rosn\u0105 lepiej.<br>&nbsp;&nbsp;&nbsp;Urodliny rosn\u0105 w m\u0142odo\u015bci bardzo powoli, w pierwszych latach mog\u0105 si\u0119 Pa\u0144stwo spodziewa\u0107 przyrost\u00f3w kilkunastocentymetrowych.&nbsp;<br>&nbsp;&nbsp;&nbsp;\u0179le rosn\u0105 na glebach ci\u0119\u017ckich i podmok\u0142ych, nie nale\u017cy przesadza\u0107 z nawo\u017ceniem.&nbsp;<br>&nbsp;&nbsp;&nbsp;Urodliny trudno znosz\u0105 przesadzanie, je\u015bli jest konieczne to tylko wiosn\u0105.&nbsp;<br>&nbsp;&nbsp;&nbsp; Nie choruj\u0105, \u017cadne europejskie szkodniki ich nie jedz\u0105 &#8211; zapewne urodliny zawdzi\u0119czaj\u0105 to swojemu &#8222;niespo\u017cywczemu&#8221; zapachowi&nbsp;.<\/p>\n<\/div>\n\n\n\n<div class=\"wp-block-column is-layout-flow wp-block-column-is-layout-flow\">\n<div class=\"wp-block-image\"><figure class=\"aligncenter size-large\"><img loading=\"lazy\" decoding=\"async\" width=\"500\" height=\"604\" src=\"https:\/\/www.ogrodnick.pl\/word\/wp-content\/uploads\/2020\/03\/Asimina_triloba_drzewko500-1.jpg\" alt=\"\" class=\"wp-image-606\" srcset=\"https:\/\/www.ogrodnick.pl\/word\/wp-content\/uploads\/2020\/03\/Asimina_triloba_drzewko500-1.jpg 500w, https:\/\/www.ogrodnick.pl\/word\/wp-content\/uploads\/2020\/03\/Asimina_triloba_drzewko500-1-248x300.jpg 248w\" sizes=\"auto, (max-width: 500px) 100vw, 500px\" \/><\/figure><\/div>\n<\/div>\n<\/div>\n\n\n\n<div class=\"wp-block-columns alignfull is-layout-flex wp-container-core-columns-is-layout-9d6595d7 wp-block-columns-is-layout-flex\">\n<div class=\"wp-block-column is-layout-flow wp-block-column-is-layout-flow\">\n<div class=\"wp-block-image\"><figure class=\"aligncenter size-large\"><img loading=\"lazy\" decoding=\"async\" width=\"500\" height=\"409\" src=\"https:\/\/www.ogrodnick.pl\/word\/wp-content\/uploads\/2020\/03\/Asimina_triloba_owoce500-1.jpg\" alt=\"\" class=\"wp-image-611\" srcset=\"https:\/\/www.ogrodnick.pl\/word\/wp-content\/uploads\/2020\/03\/Asimina_triloba_owoce500-1.jpg 500w, https:\/\/www.ogrodnick.pl\/word\/wp-content\/uploads\/2020\/03\/Asimina_triloba_owoce500-1-300x245.jpg 300w\" sizes=\"auto, (max-width: 500px) 100vw, 500px\" \/><\/figure><\/div>\n<\/div>\n\n\n\n<div class=\"wp-block-column is-layout-flow wp-block-column-is-layout-flow\">\n<div class=\"wp-block-image\"><figure class=\"aligncenter size-large\"><img loading=\"lazy\" decoding=\"async\" width=\"500\" height=\"375\" src=\"https:\/\/www.ogrodnick.pl\/word\/wp-content\/uploads\/2020\/03\/Asimina_triloba_owoc500-1.jpg\" alt=\"\" class=\"wp-image-610\" srcset=\"https:\/\/www.ogrodnick.pl\/word\/wp-content\/uploads\/2020\/03\/Asimina_triloba_owoc500-1.jpg 500w, https:\/\/www.ogrodnick.pl\/word\/wp-content\/uploads\/2020\/03\/Asimina_triloba_owoc500-1-300x225.jpg 300w\" sizes=\"auto, (max-width: 500px) 100vw, 500px\" \/><\/figure><\/div>\n<\/div>\n<\/div>\n\n\n\n<div class=\"wp-block-image\"><figure class=\"aligncenter size-large\"><img loading=\"lazy\" decoding=\"async\" width=\"500\" height=\"458\" src=\"https:\/\/www.ogrodnick.pl\/word\/wp-content\/uploads\/2020\/03\/Asimina_triloba_kwiatek500_2-1.jpg\" alt=\"\" class=\"wp-image-608\" srcset=\"https:\/\/www.ogrodnick.pl\/word\/wp-content\/uploads\/2020\/03\/Asimina_triloba_kwiatek500_2-1.jpg 500w, https:\/\/www.ogrodnick.pl\/word\/wp-content\/uploads\/2020\/03\/Asimina_triloba_kwiatek500_2-1-300x275.jpg 300w\" sizes=\"auto, (max-width: 500px) 100vw, 500px\" \/><\/figure><\/div>\n","protected":false},"excerpt":{"rendered":"<p>Urodlin tr\u00f3j\u0142atkowy&nbsp;(Asimina triloba) ro\u015bnie na wschodzie Ameryki P\u00f3\u0142nocnej, od Ontario w Kanadzie po Floryd\u0119. OPIS:\u00a0\u00a0\u00a0Urodlin tr\u00f3j\u0142atkowy to bardzo wolno rosn\u0105cy wysoki krzew lub niewielkie, do 10 m wysoko\u015bci (w lasach mo\u017ce by\u0107 wy\u017cszy), drzewko z koron\u0105 sto\u017ckowat\u0105 w m\u0142odo\u015bci, a potem zaokr\u0105glon\u0105. W Ameryce znany pod wieloma nazwami :\u00a0False banana, pawpaw apple, custard apple, custard [&hellip;]<\/p>\n","protected":false},"author":1,"featured_media":0,"parent":0,"menu_order":0,"comment_status":"closed","ping_status":"closed","template":"","meta":{"footnotes":""},"class_list":["post-362","page","type-page","status-publish","hentry"],"_links":{"self":[{"href":"https:\/\/www.ogrodnick.pl\/word\/wp-json\/wp\/v2\/pages\/362","targetHints":{"allow":["GET"]}}],"collection":[{"href":"https:\/\/www.ogrodnick.pl\/word\/wp-json\/wp\/v2\/pages"}],"about":[{"href":"https:\/\/www.ogrodnick.pl\/word\/wp-json\/wp\/v2\/types\/page"}],"author":[{"embeddable":true,"href":"https:\/\/www.ogrodnick.pl\/word\/wp-json\/wp\/v2\/users\/1"}],"replies":[{"embeddable":true,"href":"https:\/\/www.ogrodnick.pl\/word\/wp-json\/wp\/v2\/comments?post=362"}],"version-history":[{"count":3,"href":"https:\/\/www.ogrodnick.pl\/word\/wp-json\/wp\/v2\/pages\/362\/revisions"}],"predecessor-version":[{"id":1248,"href":"https:\/\/www.ogrodnick.pl\/word\/wp-json\/wp\/v2\/pages\/362\/revisions\/1248"}],"wp:attachment":[{"href":"https:\/\/www.ogrodnick.pl\/word\/wp-json\/wp\/v2\/media?parent=362"}],"curies":[{"name":"wp","href":"https:\/\/api.w.org\/{rel}","templated":true}]}}