{"id":332,"date":"2020-03-05T10:53:04","date_gmt":"2020-03-05T10:53:04","guid":{"rendered":"http:\/\/www.ogrodnick.pl\/word\/?page_id=332"},"modified":"2020-03-21T11:07:11","modified_gmt":"2020-03-21T11:07:11","slug":"klon-japonski-acer-japonicum","status":"publish","type":"page","link":"https:\/\/www.ogrodnick.pl\/word\/klon-japonski-acer-japonicum\/","title":{"rendered":"Klon japo\u0144ski (Acer japonicum)"},"content":{"rendered":"\n<div class=\"wp-block-group alignfull\"><div class=\"wp-block-group__inner-container is-layout-flow wp-block-group-is-layout-flow\">\n<p>Klon japo\u0144ski&nbsp;<em>(Acer japonicum)<\/em>&nbsp; w naturze ro\u015bnie w dolinach g\u00f3rskich na p\u00f3\u0142nocy Japonii &#8211; na Hokkaido i na p\u00f3\u0142nocnym kra\u0144cu najwi\u0119kszej japo\u0144skiej wyspy Honsiu<\/p>\n<\/div><\/div>\n\n\n\n<div class=\"wp-block-columns alignfull is-layout-flex wp-container-core-columns-is-layout-9d6595d7 wp-block-columns-is-layout-flex\">\n<div class=\"wp-block-column is-layout-flow wp-block-column-is-layout-flow\">\n<p><strong>OPIS:<br><\/strong>&nbsp;&nbsp;&nbsp;Klony japo\u0144skie rosn\u0105 bardzo wolno, zwykle wyrastaj\u0105 w kilkumetrowe nisko rozga\u0142\u0119zione drzewka. W Japonii najwi\u0119ksze osi\u0105gaj\u0105 po 100 latach 10 metr\u00f3w wysoko\u015bci i 40 centymetr\u00f3w \u015brednicy pnia.&nbsp;<br>&nbsp;&nbsp;&nbsp;Kiedy przed dwustu laty zacz\u0119to przywozi\u0107 z Japonii uprawiane tam od stuleci przer\u00f3\u017cne gatunki i odmiany klon\u00f3w, europejscy uczeni botanicy oszo\u0142omieni ich niezwyk\u0142\u0105 r\u00f3\u017cnorodno\u015bci\u0105 pocz\u0105tkowo ochrzcili je jedn\u0105 \u0142aci\u0144sk\u0105 nazw\u0105 &#8211;&nbsp;<em>Acer polymorphum<\/em>. Z tej grupy chyba w\u0142a\u015bnie klon japo\u0144ski zosta\u0142 wyodr\u0119bniony jako pierwszy &#8211; od pozosta\u0142ych 'palmowych&#8217; r\u00f3\u017cni si\u0119 dosy\u0107 znacznie: ma prawie okr\u0105g\u0142e, najwi\u0119ksze spo\u015br\u00f3d nich li\u015bcie (do 15 cm) z 9-13 klapami. ( Od kszta\u0142tu li\u015bci wzi\u0119\u0142a si\u0119 japo\u0144ska nazwa tego klonu&nbsp;<em>hauchiwa-kaede<\/em>.&nbsp;<em>Hauchiwa<\/em>&nbsp;to magiczny wachlarz z pi\u00f3r na kt\u00f3rym lata\u0142 &#8222;niebia\u0144ski pies&#8221;, paskudny z charakteru i wygl\u0105du demon Tengu, posta\u0107 z japo\u0144skiej mitologii. Tengu mia\u0142 czerwon\u0105 twarz i d\u0142ugi nos, robi\u0142 du\u017co z\u0142ego, ale by\u0142 na niego spos\u00f3b &#8211; ba\u0142 si\u0119 makreli.&nbsp;<em>Hauchiwa-kaede<\/em>znaczy mniej wi\u0119cej &#8222;podobny do hauchiwy&#8221;.)&nbsp;<br>&nbsp;&nbsp;&nbsp;Wyr\u00f3\u017cniane s\u0105 cztery podstawowe odmiany klon\u00f3w japo\u0144skich:&nbsp;<br>&#8211; typowy&nbsp;<em>A. japonicum<\/em>&nbsp;o li\u015bciach s\u0142abo powcinanych, z ma\u0142ymi klapami. Takie &#8222;prawdziwe&#8221; klony japo\u0144skie s\u0105 rzadko sadzone, inne odmiany podobaj\u0105 si\u0119 bardziej&nbsp;<br>&#8211;<em>A. japonicum<\/em>&nbsp;'Vitifolium&#8217;, odm. winolistna z klapami d\u0142u\u017cszymi, powcinanymi do po\u0142owy,&nbsp;<br>&#8211;<em>A. japonicum<\/em>&nbsp;'Aconitifolium&#8217;, odm. tojadolistna (jap.&#8217;Mai-kujaku&#8217; = ta\u0144cz\u0105cy paw) z li\u015b\u0107mi powcinanymi prawie do nasady. Klapy d\u0142ugie z du\u017cymi z\u0105bkami, wachlarzowato zachodz\u0105ce na siebie,&nbsp;<br>&#8211;<em>A. japonicum<\/em>&nbsp;'Dissectum&#8217; ma li\u015bcie z bardzo w\u0105skimi klapami, niemal zredukowanymi do nerw\u00f3w. Ta odmiana ro\u015bnie baaaardzo powoli &#8211; drzewka z przewisaj\u0105cymi, pogi\u0119tymi ga\u0142\u0105zkami osi\u0105gaj\u0105 najwy\u017cej 2-3 metry wysoko\u015bci. Odmiana rzadka, zwykle podpisywana &#8222;Klon palmowy&#8221;. Do tej grupy nale\u017cy ostatnio modny kultywar &#8222;Green cascade&#8221;&nbsp;<br>&nbsp;&nbsp;&nbsp;Klony japo\u0144skie wygl\u0105daj\u0105 bardzo efektownie podczas kwitnienia w maju (kwiaty czerwone, du\u017ce, do 15 mm \u015brednicy), ale najwi\u0119ksze wra\u017cenie robi\u0105 jesieni\u0105. W miejscach nas\u0142onecznionych ich li\u015bcie staj\u0105 si\u0119 czerwone i purpurowe, w ocienionych ja\u015bniejsze, pomara\u0144czowe i czerwone. Wygl\u0105daj\u0105 rewelacyjnie!&nbsp;<\/p>\n<\/div>\n\n\n\n<div class=\"wp-block-column is-layout-flow wp-block-column-is-layout-flow\">\n<div class=\"wp-block-image\"><figure class=\"aligncenter size-large\"><img loading=\"lazy\" decoding=\"async\" width=\"500\" height=\"450\" src=\"https:\/\/www.ogrodnick.pl\/word\/wp-content\/uploads\/2020\/03\/acer_japonicum_miasto_jesien500-1.jpg\" alt=\"\" class=\"wp-image-558\" srcset=\"https:\/\/www.ogrodnick.pl\/word\/wp-content\/uploads\/2020\/03\/acer_japonicum_miasto_jesien500-1.jpg 500w, https:\/\/www.ogrodnick.pl\/word\/wp-content\/uploads\/2020\/03\/acer_japonicum_miasto_jesien500-1-300x270.jpg 300w\" sizes=\"auto, (max-width: 500px) 100vw, 500px\" \/><\/figure><\/div>\n<\/div>\n<\/div>\n\n\n\n<div class=\"wp-block-columns alignfull is-layout-flex wp-container-core-columns-is-layout-9d6595d7 wp-block-columns-is-layout-flex\">\n<div class=\"wp-block-column is-layout-flow wp-block-column-is-layout-flow\">\n<p><strong>UPRAWA:<\/strong>&nbsp;<br>&nbsp;&nbsp;&nbsp;Ju\u017c kilkuletnie klony japo\u0144skie s\u0105 zupe\u0142nie odporne na mrozy. Wymagania glebowe maj\u0105 przeci\u0119tne, nie powinno si\u0119 ich sadzi\u0107 na glebach mokrych. Znosz\u0105 cie\u0144, ale naj\u0142adniej przebarwiaj\u0105 si\u0119 rosn\u0105ce na stanowiskach s\u0142onecznych.<br>&nbsp;&nbsp;&nbsp;Klony japo\u0144skie maj\u0105 &#8222;solidne&#8221;, do\u015b\u0107 grube li\u015bcie, dlatego znacznie lepiej ni\u017c klony palmowe znosz\u0105 warunki miejskie (gor\u0105co, zapylenie, suche powietrze), odmiany o mniej strz\u0119piastych li\u015bciach mog\u0105 rosn\u0105\u0107 w miejskich ogrodach (raczej nie 'Dissecta&#8217;).&nbsp;<\/p>\n<\/div>\n\n\n\n<div class=\"wp-block-column is-layout-flow wp-block-column-is-layout-flow\">\n<div class=\"wp-block-image\"><figure class=\"aligncenter size-large\"><img loading=\"lazy\" decoding=\"async\" width=\"500\" height=\"354\" src=\"https:\/\/www.ogrodnick.pl\/word\/wp-content\/uploads\/2020\/03\/acer_japonicum_wiosna500-1.jpg\" alt=\"\" class=\"wp-image-561\" srcset=\"https:\/\/www.ogrodnick.pl\/word\/wp-content\/uploads\/2020\/03\/acer_japonicum_wiosna500-1.jpg 500w, https:\/\/www.ogrodnick.pl\/word\/wp-content\/uploads\/2020\/03\/acer_japonicum_wiosna500-1-300x212.jpg 300w\" sizes=\"auto, (max-width: 500px) 100vw, 500px\" \/><\/figure><\/div>\n<\/div>\n<\/div>\n\n\n\n<div class=\"wp-block-columns alignfull is-layout-flex wp-container-core-columns-is-layout-9d6595d7 wp-block-columns-is-layout-flex\">\n<div class=\"wp-block-column is-layout-flow wp-block-column-is-layout-flow\">\n<div class=\"wp-block-image\"><figure class=\"aligncenter size-large\"><img loading=\"lazy\" decoding=\"async\" width=\"500\" height=\"500\" src=\"https:\/\/www.ogrodnick.pl\/word\/wp-content\/uploads\/2020\/03\/acer_japonicum_vitifolium_lisc3_500-1.jpg\" alt=\"\" class=\"wp-image-560\" srcset=\"https:\/\/www.ogrodnick.pl\/word\/wp-content\/uploads\/2020\/03\/acer_japonicum_vitifolium_lisc3_500-1.jpg 500w, https:\/\/www.ogrodnick.pl\/word\/wp-content\/uploads\/2020\/03\/acer_japonicum_vitifolium_lisc3_500-1-300x300.jpg 300w, https:\/\/www.ogrodnick.pl\/word\/wp-content\/uploads\/2020\/03\/acer_japonicum_vitifolium_lisc3_500-1-150x150.jpg 150w\" sizes=\"auto, (max-width: 500px) 100vw, 500px\" \/><\/figure><\/div>\n\n\n\n<div class=\"wp-block-image\"><figure class=\"aligncenter size-large\"><img loading=\"lazy\" decoding=\"async\" width=\"500\" height=\"414\" src=\"https:\/\/www.ogrodnick.pl\/word\/wp-content\/uploads\/2020\/03\/acer_japonicum_dissectum_lisc500-1.jpg\" alt=\"\" class=\"wp-image-556\" srcset=\"https:\/\/www.ogrodnick.pl\/word\/wp-content\/uploads\/2020\/03\/acer_japonicum_dissectum_lisc500-1.jpg 500w, https:\/\/www.ogrodnick.pl\/word\/wp-content\/uploads\/2020\/03\/acer_japonicum_dissectum_lisc500-1-300x248.jpg 300w\" sizes=\"auto, (max-width: 500px) 100vw, 500px\" \/><\/figure><\/div>\n\n\n\n<div class=\"wp-block-image\"><figure class=\"aligncenter size-large\"><img loading=\"lazy\" decoding=\"async\" width=\"500\" height=\"492\" src=\"https:\/\/www.ogrodnick.pl\/word\/wp-content\/uploads\/2020\/03\/acer_japonicum_aconitifolium_lisc2_500-1.jpg\" alt=\"\" class=\"wp-image-553\" srcset=\"https:\/\/www.ogrodnick.pl\/word\/wp-content\/uploads\/2020\/03\/acer_japonicum_aconitifolium_lisc2_500-1.jpg 500w, https:\/\/www.ogrodnick.pl\/word\/wp-content\/uploads\/2020\/03\/acer_japonicum_aconitifolium_lisc2_500-1-300x295.jpg 300w\" sizes=\"auto, (max-width: 500px) 100vw, 500px\" \/><\/figure><\/div>\n<\/div>\n\n\n\n<div class=\"wp-block-column is-layout-flow wp-block-column-is-layout-flow\">\n<div class=\"wp-block-image\"><figure class=\"aligncenter size-large\"><img loading=\"lazy\" decoding=\"async\" width=\"500\" height=\"427\" src=\"https:\/\/www.ogrodnick.pl\/word\/wp-content\/uploads\/2020\/03\/acer_japonicum_skrzydlaki500-1.jpg\" alt=\"\" class=\"wp-image-559\" srcset=\"https:\/\/www.ogrodnick.pl\/word\/wp-content\/uploads\/2020\/03\/acer_japonicum_skrzydlaki500-1.jpg 500w, https:\/\/www.ogrodnick.pl\/word\/wp-content\/uploads\/2020\/03\/acer_japonicum_skrzydlaki500-1-300x256.jpg 300w\" sizes=\"auto, (max-width: 500px) 100vw, 500px\" \/><\/figure><\/div>\n\n\n\n<div class=\"wp-block-image\"><figure class=\"aligncenter size-large\"><img loading=\"lazy\" decoding=\"async\" width=\"500\" height=\"491\" src=\"https:\/\/www.ogrodnick.pl\/word\/wp-content\/uploads\/2020\/03\/acer_japonicum_lisc_500-1.jpg\" alt=\"\" class=\"wp-image-557\" srcset=\"https:\/\/www.ogrodnick.pl\/word\/wp-content\/uploads\/2020\/03\/acer_japonicum_lisc_500-1.jpg 500w, https:\/\/www.ogrodnick.pl\/word\/wp-content\/uploads\/2020\/03\/acer_japonicum_lisc_500-1-300x295.jpg 300w\" sizes=\"auto, (max-width: 500px) 100vw, 500px\" \/><\/figure><\/div>\n\n\n\n<div class=\"wp-block-image\"><figure class=\"aligncenter size-large\"><img loading=\"lazy\" decoding=\"async\" width=\"500\" height=\"709\" src=\"https:\/\/www.ogrodnick.pl\/word\/wp-content\/uploads\/2020\/03\/acer_japonicum_aconitifolium_lisc_jesien-1.jpg\" alt=\"\" class=\"wp-image-555\" srcset=\"https:\/\/www.ogrodnick.pl\/word\/wp-content\/uploads\/2020\/03\/acer_japonicum_aconitifolium_lisc_jesien-1.jpg 500w, https:\/\/www.ogrodnick.pl\/word\/wp-content\/uploads\/2020\/03\/acer_japonicum_aconitifolium_lisc_jesien-1-212x300.jpg 212w\" sizes=\"auto, (max-width: 500px) 100vw, 500px\" \/><\/figure><\/div>\n<\/div>\n<\/div>\n\n\n\n<div class=\"wp-block-image\"><figure class=\"aligncenter size-large\"><img loading=\"lazy\" decoding=\"async\" width=\"500\" height=\"381\" src=\"https:\/\/www.ogrodnick.pl\/word\/wp-content\/uploads\/2020\/03\/acer_japonicum_aconitifolium_jesien500-1.jpg\" alt=\"\" class=\"wp-image-552\" srcset=\"https:\/\/www.ogrodnick.pl\/word\/wp-content\/uploads\/2020\/03\/acer_japonicum_aconitifolium_jesien500-1.jpg 500w, https:\/\/www.ogrodnick.pl\/word\/wp-content\/uploads\/2020\/03\/acer_japonicum_aconitifolium_jesien500-1-300x229.jpg 300w\" sizes=\"auto, (max-width: 500px) 100vw, 500px\" \/><\/figure><\/div>\n","protected":false},"excerpt":{"rendered":"<p>Klon japo\u0144ski&nbsp;(Acer japonicum)&nbsp; w naturze ro\u015bnie w dolinach g\u00f3rskich na p\u00f3\u0142nocy Japonii &#8211; na Hokkaido i na p\u00f3\u0142nocnym kra\u0144cu najwi\u0119kszej japo\u0144skiej wyspy Honsiu OPIS:&nbsp;&nbsp;&nbsp;Klony japo\u0144skie rosn\u0105 bardzo wolno, zwykle wyrastaj\u0105 w kilkumetrowe nisko rozga\u0142\u0119zione drzewka. W Japonii najwi\u0119ksze osi\u0105gaj\u0105 po 100 latach 10 metr\u00f3w wysoko\u015bci i 40 centymetr\u00f3w \u015brednicy pnia.&nbsp;&nbsp;&nbsp;&nbsp;Kiedy przed dwustu laty zacz\u0119to przywozi\u0107 [&hellip;]<\/p>\n","protected":false},"author":1,"featured_media":0,"parent":0,"menu_order":0,"comment_status":"closed","ping_status":"closed","template":"","meta":{"footnotes":""},"class_list":["post-332","page","type-page","status-publish","hentry"],"_links":{"self":[{"href":"https:\/\/www.ogrodnick.pl\/word\/wp-json\/wp\/v2\/pages\/332","targetHints":{"allow":["GET"]}}],"collection":[{"href":"https:\/\/www.ogrodnick.pl\/word\/wp-json\/wp\/v2\/pages"}],"about":[{"href":"https:\/\/www.ogrodnick.pl\/word\/wp-json\/wp\/v2\/types\/page"}],"author":[{"embeddable":true,"href":"https:\/\/www.ogrodnick.pl\/word\/wp-json\/wp\/v2\/users\/1"}],"replies":[{"embeddable":true,"href":"https:\/\/www.ogrodnick.pl\/word\/wp-json\/wp\/v2\/comments?post=332"}],"version-history":[{"count":4,"href":"https:\/\/www.ogrodnick.pl\/word\/wp-json\/wp\/v2\/pages\/332\/revisions"}],"predecessor-version":[{"id":1055,"href":"https:\/\/www.ogrodnick.pl\/word\/wp-json\/wp\/v2\/pages\/332\/revisions\/1055"}],"wp:attachment":[{"href":"https:\/\/www.ogrodnick.pl\/word\/wp-json\/wp\/v2\/media?parent=332"}],"curies":[{"name":"wp","href":"https:\/\/api.w.org\/{rel}","templated":true}]}}